{"id":973,"date":"2017-08-09T14:53:21","date_gmt":"2017-08-09T12:53:21","guid":{"rendered":"https:\/\/kompakt-gmbh.de\/personne-de-contact\/"},"modified":"2025-07-14T14:30:55","modified_gmt":"2025-07-14T12:30:55","slug":"personne-de-contact","status":"publish","type":"page","link":"https:\/\/kompakt-gmbh.de\/fr\/personne-de-contact\/","title":{"rendered":"Personne \u00e0 contacter"},"content":{"rendered":"<div class=\"fusion-fullwidth fullwidth-box fusion-builder-row-1 fusion-flex-container has-pattern-background has-mask-background nonhundred-percent-fullwidth non-hundred-percent-height-scrolling\" style=\"--awb-border-radius-top-left:0px;--awb-border-radius-top-right:0px;--awb-border-radius-bottom-right:0px;--awb-border-radius-bottom-left:0px;--awb-flex-wrap:wrap;\" ><div class=\"fusion-builder-row fusion-row fusion-flex-align-items-stretch fusion-flex-content-wrap\" style=\"max-width:1248px;margin-left: calc(-4% \/ 2 );margin-right: calc(-4% \/ 2 );\"><div class=\"fusion-layout-column fusion_builder_column fusion-builder-column-0 fusion_builder_column_1_2 1_2 fusion-flex-column\" style=\"--awb-padding-top:20px;--awb-padding-right:20px;--awb-padding-bottom:20px;--awb-padding-left:20px;--awb-bg-size:cover;--awb-border-color:var(--awb-color2);--awb-border-top:1px;--awb-border-right:1px;--awb-border-bottom:1px;--awb-border-left:1px;--awb-border-style:solid;--awb-width-large:50%;--awb-margin-top-large:0px;--awb-spacing-right-large:3.84%;--awb-margin-bottom-large:40px;--awb-spacing-left-large:3.84%;--awb-width-medium:50%;--awb-order-medium:0;--awb-spacing-right-medium:3.84%;--awb-spacing-left-medium:3.84%;--awb-width-small:100%;--awb-order-small:0;--awb-spacing-right-small:1.92%;--awb-spacing-left-small:1.92%;\" data-scroll-devices=\"small-visibility,medium-visibility,large-visibility\"><div class=\"fusion-column-wrapper fusion-column-has-shadow fusion-flex-justify-content-center fusion-content-layout-column\"><div class=\"fusion-menu-anchor\" id=\"traub\"><\/div><div class=\"fusion-builder-row fusion-builder-row-inner fusion-row fusion-flex-align-items-stretch fusion-flex-content-wrap\" style=\"width:104% !important;max-width:104% !important;margin-left: calc(-4% \/ 2 );margin-right: calc(-4% \/ 2 );\"><div class=\"fusion-layout-column fusion_builder_column_inner fusion-builder-nested-column-0 fusion_builder_column_inner_1_3 1_3 fusion-flex-column\" style=\"--awb-bg-size:cover;--awb-width-large:33.333333333333%;--awb-margin-top-large:0px;--awb-spacing-right-large:20px;--awb-margin-bottom-large:0px;--awb-spacing-left-large:5.76%;--awb-width-medium:25%;--awb-order-medium:0;--awb-spacing-right-medium:20px;--awb-spacing-left-medium:7.68%;--awb-width-small:25%;--awb-order-small:0;--awb-spacing-right-small:20px;--awb-margin-bottom-small:20px;--awb-spacing-left-small:7.68%;\" data-scroll-devices=\"small-visibility,medium-visibility,large-visibility\"><div class=\"fusion-column-wrapper fusion-column-has-shadow fusion-flex-justify-content-center fusion-content-layout-column\"><div class=\"fusion-image-element \" style=\"--awb-liftup-border-radius:0px;--awb-caption-title-font-family:var(--h2_typography-font-family);--awb-caption-title-font-weight:var(--h2_typography-font-weight);--awb-caption-title-font-style:var(--h2_typography-font-style);--awb-caption-title-size:var(--h2_typography-font-size);--awb-caption-title-transform:var(--h2_typography-text-transform);--awb-caption-title-line-height:var(--h2_typography-line-height);--awb-caption-title-letter-spacing:var(--h2_typography-letter-spacing);\"><div class=\"awb-image-frame awb-image-frame-1 imageframe-liftup\"><span class=\" fusion-imageframe imageframe-none imageframe-1\"><a class=\"fusion-no-lightbox\" href=\"https:\/\/kompakt-gmbh.de\/fr\/sur-nous\/kom-pakt-gmbh-juergen-traub-dipl-ing\/\" target=\"_self\" aria-label=\"traub\"><img decoding=\"async\" width=\"100\" height=\"145\" src=\"data:image\/svg+xml,%3Csvg%20xmlns%3D%27http%3A%2F%2Fwww.w3.org%2F2000%2Fsvg%27%20width%3D%27100%27%20height%3D%27145%27%20viewBox%3D%270%200%20100%20145%27%3E%3Crect%20width%3D%27100%27%20height%3D%27145%27%20fill-opacity%3D%220%22%2F%3E%3C%2Fsvg%3E\" data-orig-src=\"https:\/\/kompakt-gmbh.de\/wp-content\/uploads\/2017\/03\/traub.jpg\" alt class=\"lazyload img-responsive wp-image-216\"\/><\/a><\/span><\/div><\/div><\/div><\/div><div class=\"fusion-layout-column fusion_builder_column_inner fusion-builder-nested-column-1 fusion_builder_column_inner_2_3 2_3 fusion-flex-column\" style=\"--awb-bg-size:cover;--awb-width-large:66.666666666667%;--awb-margin-top-large:0px;--awb-spacing-right-large:2.88%;--awb-margin-bottom-large:0px;--awb-spacing-left-large:2.88%;--awb-width-medium:75%;--awb-order-medium:0;--awb-spacing-right-medium:2.56%;--awb-spacing-left-medium:2.56%;--awb-width-small:75%;--awb-order-small:0;--awb-spacing-right-small:2.56%;--awb-spacing-left-small:2.56%;\" data-scroll-devices=\"small-visibility,medium-visibility,large-visibility\"><div class=\"fusion-column-wrapper fusion-column-has-shadow fusion-flex-justify-content-center fusion-content-layout-column\"><div class=\"fusion-title title fusion-title-1 fusion-sep-none fusion-title-text fusion-title-size-two\" style=\"--awb-margin-bottom:20px;--awb-margin-bottom-small:15px;\"><h2 class=\"fusion-title-heading title-heading-left\" style=\"margin:0;\"><p class=\"fusion-title-heading title-heading-left fusion-responsive-typography-calculated\" data-fontsize=\"16\" data-lineheight=\"24px\">J\u00fcrgen Traub (Ing\u00e9nieur dipl\u00f4m\u00e9)<\/p><\/h2><\/div><ul style=\"--awb-line-height:23.8px;--awb-icon-width:23.8px;--awb-icon-height:23.8px;--awb-icon-margin:9.8px;--awb-content-margin:33.6px;--awb-circlecolor:#a0ce4e;--awb-circle-yes-font-size:12.32px;\" class=\"fusion-checklist fusion-checklist-1 fusion-checklist-default type-icons\"><li class=\"fusion-li-item\" style=\"\"><span class=\"icon-wrapper circle-yes\"><i class=\"fusion-li-icon fa-phone fas\" aria-hidden=\"true\"><\/i><\/span><div class=\"fusion-li-item-content\">\n<p>+49 151 1939 8922<\/p>\n<\/div><\/li><li class=\"fusion-li-item\" style=\"\"><span class=\"icon-wrapper circle-yes\"><i class=\"fusion-li-icon fa-envelope fas\" aria-hidden=\"true\"><\/i><\/span><div class=\"fusion-li-item-content\">\n<p>j.traub@kompakt-gmbh.de<\/p>\n<\/div><\/li><li class=\"fusion-li-item\" style=\"\"><span class=\"icon-wrapper circle-yes\"><i class=\"fusion-li-icon fa-address-card fas\" aria-hidden=\"true\"><\/i><\/span><div class=\"fusion-li-item-content\">\n<p><a href=\"https:\/\/kompakt-gmbh.de\/fr\/sur-nous\/kom-pakt-gmbh-juergen-traub-dipl-ing\/\">Vers le CV<\/a><\/p>\n<\/div><\/li><\/ul><\/div><\/div><\/div><\/div><\/div><div class=\"fusion-layout-column fusion_builder_column fusion-builder-column-1 fusion_builder_column_1_2 1_2 fusion-flex-column\" style=\"--awb-padding-top:20px;--awb-padding-right:20px;--awb-padding-bottom:20px;--awb-padding-left:20px;--awb-bg-size:cover;--awb-border-color:var(--awb-color2);--awb-border-top:1px;--awb-border-right:1px;--awb-border-bottom:1px;--awb-border-left:1px;--awb-border-style:solid;--awb-width-large:50%;--awb-margin-top-large:0px;--awb-spacing-right-large:3.84%;--awb-margin-bottom-large:40px;--awb-spacing-left-large:3.84%;--awb-width-medium:50%;--awb-order-medium:0;--awb-spacing-right-medium:3.84%;--awb-spacing-left-medium:3.84%;--awb-width-small:100%;--awb-order-small:0;--awb-spacing-right-small:1.92%;--awb-spacing-left-small:1.92%;\" data-scroll-devices=\"small-visibility,medium-visibility,large-visibility\"><div class=\"fusion-column-wrapper fusion-column-has-shadow fusion-flex-justify-content-center fusion-content-layout-column\"><div class=\"fusion-menu-anchor\" id=\"beckel\"><\/div><div class=\"fusion-builder-row fusion-builder-row-inner fusion-row fusion-flex-align-items-stretch fusion-flex-content-wrap\" style=\"width:104% !important;max-width:104% !important;margin-left: calc(-4% \/ 2 );margin-right: calc(-4% \/ 2 );\"><div class=\"fusion-layout-column fusion_builder_column_inner fusion-builder-nested-column-2 fusion_builder_column_inner_1_3 1_3 fusion-flex-column\" style=\"--awb-bg-size:cover;--awb-width-large:33.333333333333%;--awb-margin-top-large:0px;--awb-spacing-right-large:20px;--awb-margin-bottom-large:0px;--awb-spacing-left-large:5.76%;--awb-width-medium:25%;--awb-order-medium:0;--awb-spacing-right-medium:20px;--awb-spacing-left-medium:7.68%;--awb-width-small:25%;--awb-order-small:0;--awb-spacing-right-small:20px;--awb-margin-bottom-small:20px;--awb-spacing-left-small:7.68%;\" data-scroll-devices=\"small-visibility,medium-visibility,large-visibility\"><div class=\"fusion-column-wrapper fusion-column-has-shadow fusion-flex-justify-content-center fusion-content-layout-column\"><div class=\"fusion-image-element \" style=\"--awb-max-width:100px;--awb-caption-title-font-family:var(--h2_typography-font-family);--awb-caption-title-font-weight:var(--h2_typography-font-weight);--awb-caption-title-font-style:var(--h2_typography-font-style);--awb-caption-title-size:var(--h2_typography-font-size);--awb-caption-title-transform:var(--h2_typography-text-transform);--awb-caption-title-line-height:var(--h2_typography-line-height);--awb-caption-title-letter-spacing:var(--h2_typography-letter-spacing);\"><span class=\" fusion-imageframe imageframe-none imageframe-2 hover-type-none\"><img decoding=\"async\" width=\"225\" height=\"300\" title=\"protrait_tobias-beckel_web2\" src=\"https:\/\/kompakt-gmbh.de\/wp-content\/uploads\/2025\/07\/protrait_tobias-beckel_web2.jpg\" data-orig-src=\"https:\/\/kompakt-gmbh.de\/wp-content\/uploads\/2025\/07\/protrait_tobias-beckel_web2-225x300.jpg\" alt class=\"lazyload img-responsive wp-image-3551\" srcset=\"data:image\/svg+xml,%3Csvg%20xmlns%3D%27http%3A%2F%2Fwww.w3.org%2F2000%2Fsvg%27%20width%3D%27360%27%20height%3D%27480%27%20viewBox%3D%270%200%20360%20480%27%3E%3Crect%20width%3D%27360%27%20height%3D%27480%27%20fill-opacity%3D%220%22%2F%3E%3C%2Fsvg%3E\" data-srcset=\"https:\/\/kompakt-gmbh.de\/wp-content\/uploads\/2025\/07\/protrait_tobias-beckel_web2-200x267.jpg 200w, https:\/\/kompakt-gmbh.de\/wp-content\/uploads\/2025\/07\/protrait_tobias-beckel_web2.jpg 360w\" data-sizes=\"auto\" data-orig-sizes=\"(max-width: 1024px) 100vw, (max-width: 640px) 100vw, 225px\" \/><\/span><\/div><\/div><\/div><div class=\"fusion-layout-column fusion_builder_column_inner fusion-builder-nested-column-3 fusion_builder_column_inner_2_3 2_3 fusion-flex-column\" style=\"--awb-bg-size:cover;--awb-width-large:66.666666666667%;--awb-margin-top-large:0px;--awb-spacing-right-large:2.88%;--awb-margin-bottom-large:0px;--awb-spacing-left-large:2.88%;--awb-width-medium:75%;--awb-order-medium:0;--awb-spacing-right-medium:2.56%;--awb-spacing-left-medium:2.56%;--awb-width-small:75%;--awb-order-small:0;--awb-spacing-right-small:2.56%;--awb-spacing-left-small:2.56%;\" data-scroll-devices=\"small-visibility,medium-visibility,large-visibility\"><div class=\"fusion-column-wrapper fusion-column-has-shadow fusion-flex-justify-content-center fusion-content-layout-column\"><div class=\"fusion-title title fusion-title-2 fusion-sep-none fusion-title-text fusion-title-size-two\" style=\"--awb-margin-bottom:20px;--awb-margin-bottom-small:15px;\"><h2 class=\"fusion-title-heading title-heading-left\" style=\"margin:0;\">Tobias Beckel (M. Eng.)<\/h2><\/div><ul style=\"--awb-line-height:23.8px;--awb-icon-width:23.8px;--awb-icon-height:23.8px;--awb-icon-margin:9.8px;--awb-content-margin:33.6px;--awb-circlecolor:#a0ce4e;--awb-circle-yes-font-size:12.32px;\" class=\"fusion-checklist fusion-checklist-2 fusion-checklist-default type-icons\"><li class=\"fusion-li-item\" style=\"\"><span class=\"icon-wrapper circle-yes\"><i class=\"fusion-li-icon fa-phone fas\" aria-hidden=\"true\"><\/i><\/span><div class=\"fusion-li-item-content\">\n<p>+49 151 1939 8924<\/p>\n<\/div><\/li><li class=\"fusion-li-item\" style=\"\"><span class=\"icon-wrapper circle-yes\"><i class=\"fusion-li-icon fa-envelope fas\" aria-hidden=\"true\"><\/i><\/span><div class=\"fusion-li-item-content\">\n<p>t.beckel@kompakt-gmbh.de<\/p>\n<\/div><\/li><li class=\"fusion-li-item\" style=\"\"><span class=\"icon-wrapper circle-yes\"><i class=\"fusion-li-icon fa-address-card fas\" aria-hidden=\"true\"><\/i><\/span><div class=\"fusion-li-item-content\">\n<p><a href=\"https:\/\/kompakt-gmbh.de\/fr\/sur-nous\/kom-pakt-gmbh-tobias-beckel-m-eng\/\">Vers le CV<\/a><\/p>\n<\/div><\/li><\/ul><\/div><\/div><\/div><\/div><\/div><div class=\"fusion-layout-column fusion_builder_column fusion-builder-column-2 fusion_builder_column_1_2 1_2 fusion-flex-column\" style=\"--awb-padding-top:20px;--awb-padding-right:20px;--awb-padding-bottom:20px;--awb-padding-left:20px;--awb-bg-size:cover;--awb-border-color:var(--awb-color2);--awb-border-top:1px;--awb-border-right:1px;--awb-border-bottom:1px;--awb-border-left:1px;--awb-border-style:solid;--awb-width-large:50%;--awb-margin-top-large:0px;--awb-spacing-right-large:3.84%;--awb-margin-bottom-large:40px;--awb-spacing-left-large:3.84%;--awb-width-medium:50%;--awb-order-medium:0;--awb-spacing-right-medium:3.84%;--awb-spacing-left-medium:3.84%;--awb-width-small:100%;--awb-order-small:0;--awb-spacing-right-small:1.92%;--awb-spacing-left-small:1.92%;\" data-scroll-devices=\"small-visibility,medium-visibility,large-visibility\"><div class=\"fusion-column-wrapper fusion-column-has-shadow fusion-flex-justify-content-center fusion-content-layout-column\"><div class=\"fusion-menu-anchor\" id=\"fischer\"><\/div><div class=\"fusion-builder-row fusion-builder-row-inner fusion-row fusion-flex-align-items-stretch fusion-flex-content-wrap\" style=\"width:104% !important;max-width:104% !important;margin-left: calc(-4% \/ 2 );margin-right: calc(-4% \/ 2 );\"><div class=\"fusion-layout-column fusion_builder_column_inner fusion-builder-nested-column-4 fusion_builder_column_inner_1_3 1_3 fusion-flex-column\" style=\"--awb-bg-size:cover;--awb-width-large:33.333333333333%;--awb-margin-top-large:0px;--awb-spacing-right-large:20px;--awb-margin-bottom-large:0px;--awb-spacing-left-large:5.76%;--awb-width-medium:25%;--awb-order-medium:0;--awb-spacing-right-medium:20px;--awb-spacing-left-medium:7.68%;--awb-width-small:25%;--awb-order-small:0;--awb-spacing-right-small:20px;--awb-margin-bottom-small:20px;--awb-spacing-left-small:7.68%;\" data-scroll-devices=\"small-visibility,medium-visibility,large-visibility\"><div class=\"fusion-column-wrapper fusion-column-has-shadow fusion-flex-justify-content-center fusion-content-layout-column\"><div class=\"fusion-image-element \" style=\"--awb-liftup-border-radius:0px;--awb-caption-title-font-family:var(--h2_typography-font-family);--awb-caption-title-font-weight:var(--h2_typography-font-weight);--awb-caption-title-font-style:var(--h2_typography-font-style);--awb-caption-title-size:var(--h2_typography-font-size);--awb-caption-title-transform:var(--h2_typography-text-transform);--awb-caption-title-line-height:var(--h2_typography-line-height);--awb-caption-title-letter-spacing:var(--h2_typography-letter-spacing);\"><div class=\"awb-image-frame awb-image-frame-3 imageframe-liftup\"><span class=\" fusion-imageframe imageframe-none imageframe-3\"><a class=\"fusion-no-lightbox\" href=\"https:\/\/kompakt-gmbh.de\/fr\/sur-nous\/kom-pakt-gmbh-dr-rer-nat-hans-joachim-fischer-dipl-geol\/\" target=\"_self\" aria-label=\"Hans-Joachim-Fischer\"><img decoding=\"async\" width=\"100\" height=\"145\" src=\"data:image\/svg+xml,%3Csvg%20xmlns%3D%27http%3A%2F%2Fwww.w3.org%2F2000%2Fsvg%27%20width%3D%27100%27%20height%3D%27145%27%20viewBox%3D%270%200%20100%20145%27%3E%3Crect%20width%3D%27100%27%20height%3D%27145%27%20fill-opacity%3D%220%22%2F%3E%3C%2Fsvg%3E\" data-orig-src=\"https:\/\/kompakt-gmbh.de\/wp-content\/uploads\/2017\/03\/Hans-Joachim-Fischer.png\" alt class=\"lazyload img-responsive wp-image-217\"\/><\/a><\/span><\/div><\/div><\/div><\/div><div class=\"fusion-layout-column fusion_builder_column_inner fusion-builder-nested-column-5 fusion_builder_column_inner_2_3 2_3 fusion-flex-column\" style=\"--awb-bg-size:cover;--awb-width-large:66.666666666667%;--awb-margin-top-large:0px;--awb-spacing-right-large:2.88%;--awb-margin-bottom-large:0px;--awb-spacing-left-large:2.88%;--awb-width-medium:75%;--awb-order-medium:0;--awb-spacing-right-medium:2.56%;--awb-spacing-left-medium:2.56%;--awb-width-small:75%;--awb-order-small:0;--awb-spacing-right-small:2.56%;--awb-spacing-left-small:2.56%;\" data-scroll-devices=\"small-visibility,medium-visibility,large-visibility\"><div class=\"fusion-column-wrapper fusion-column-has-shadow fusion-flex-justify-content-center fusion-content-layout-column\"><div class=\"fusion-title title fusion-title-3 fusion-sep-none fusion-title-text fusion-title-size-two\" style=\"--awb-margin-bottom:20px;--awb-margin-bottom-small:15px;\"><h2 class=\"fusion-title-heading title-heading-left\" style=\"margin:0;\"><p>Dr. rer. nat.<br \/>\nHans-Joachim Fischer (Dipl.-Geol.)<\/p><\/h2><\/div><ul style=\"--awb-line-height:23.8px;--awb-icon-width:23.8px;--awb-icon-height:23.8px;--awb-icon-margin:9.8px;--awb-content-margin:33.6px;--awb-circlecolor:#a0ce4e;--awb-circle-yes-font-size:12.32px;\" class=\"fusion-checklist fusion-checklist-3 fusion-checklist-default type-icons\"><li class=\"fusion-li-item\" style=\"\"><span class=\"icon-wrapper circle-yes\"><i class=\"fusion-li-icon fa-phone fas\" aria-hidden=\"true\"><\/i><\/span><div class=\"fusion-li-item-content\">\n<p>+49 151 1939 8923<\/p>\n<\/div><\/li><li class=\"fusion-li-item\" style=\"\"><span class=\"icon-wrapper circle-yes\"><i class=\"fusion-li-icon fa-envelope fas\" aria-hidden=\"true\"><\/i><\/span><div class=\"fusion-li-item-content\">\n<p>h-j.fischer@kompakt-gmbh.de<\/p>\n<\/div><\/li><li class=\"fusion-li-item\" style=\"\"><span class=\"icon-wrapper circle-yes\"><i class=\"fusion-li-icon fa-address-card fas\" aria-hidden=\"true\"><\/i><\/span><div class=\"fusion-li-item-content\">\n<p><a href=\"https:\/\/kompakt-gmbh.de\/fr\/sur-nous\/kom-pakt-gmbh-dr-rer-nat-hans-joachim-fischer-dipl-geol\/\">Vers le CV<\/a><\/p>\n<\/div><\/li><\/ul><\/div><\/div><\/div><\/div><\/div><\/div><\/div>\n","protected":false},"excerpt":{"rendered":"","protected":false},"author":3,"featured_media":0,"parent":0,"menu_order":0,"comment_status":"closed","ping_status":"closed","template":"","meta":{"footnotes":""},"class_list":["post-973","page","type-page","status-publish","hentry"],"yoast_head":"<!-- This site is optimized with the Yoast SEO plugin v27.5 - https:\/\/yoast.com\/product\/yoast-seo-wordpress\/ -->\n<title>Contact - Kom-pakt GmbH - Conseil + Planification<\/title>\n<meta name=\"description\" content=\"Kom-pakt GmbH - Beratung + Planung, Si\u00e8ge social : Allmendstra\u00dfe 6, 75443 \u00d6tisheim, T\u00e9l\u00e9phone : +49 7041 81 97-50, Bureau Karlsruhe : T\u00e9l\u00e9phone : +49 721 831 44-44\" \/>\n<meta name=\"robots\" content=\"index, follow, max-snippet:-1, max-image-preview:large, max-video-preview:-1\" \/>\n<link rel=\"canonical\" href=\"https:\/\/kompakt-gmbh.de\/fr\/personne-de-contact\/\" \/>\n<meta property=\"og:locale\" content=\"fr_FR\" \/>\n<meta property=\"og:type\" content=\"article\" \/>\n<meta property=\"og:title\" content=\"Contact - Kom-pakt GmbH - Conseil + Planification\" \/>\n<meta property=\"og:description\" content=\"Kom-pakt GmbH - Beratung + Planung, Si\u00e8ge social : Allmendstra\u00dfe 6, 75443 \u00d6tisheim, T\u00e9l\u00e9phone : +49 7041 81 97-50, Bureau Karlsruhe : T\u00e9l\u00e9phone : +49 721 831 44-44\" \/>\n<meta property=\"og:url\" content=\"https:\/\/kompakt-gmbh.de\/fr\/personne-de-contact\/\" \/>\n<meta property=\"og:site_name\" content=\"Kom-pakt GmbH \u00d6tisheim | Karlsruhe\" \/>\n<meta property=\"article:modified_time\" content=\"2025-07-14T12:30:55+00:00\" \/>\n<meta name=\"twitter:card\" content=\"summary_large_image\" \/>\n<meta name=\"twitter:label1\" content=\"Dur\u00e9e de lecture estim\u00e9e\" \/>\n\t<meta name=\"twitter:data1\" content=\"36 minutes\" \/>\n<script type=\"application\/ld+json\" class=\"yoast-schema-graph\">{\"@context\":\"https:\\\/\\\/schema.org\",\"@graph\":[{\"@type\":\"WebPage\",\"@id\":\"https:\\\/\\\/kompakt-gmbh.de\\\/fr\\\/personne-de-contact\\\/\",\"url\":\"https:\\\/\\\/kompakt-gmbh.de\\\/fr\\\/personne-de-contact\\\/\",\"name\":\"Contact - Kom-pakt GmbH - Conseil + Planification\",\"isPartOf\":{\"@id\":\"https:\\\/\\\/kompakt-gmbh.de\\\/fr\\\/#website\"},\"datePublished\":\"2017-08-09T12:53:21+00:00\",\"dateModified\":\"2025-07-14T12:30:55+00:00\",\"description\":\"Kom-pakt GmbH - Beratung + Planung, Si\u00e8ge social : Allmendstra\u00dfe 6, 75443 \u00d6tisheim, T\u00e9l\u00e9phone : +49 7041 81 97-50, Bureau Karlsruhe : T\u00e9l\u00e9phone : +49 721 831 44-44\",\"breadcrumb\":{\"@id\":\"https:\\\/\\\/kompakt-gmbh.de\\\/fr\\\/personne-de-contact\\\/#breadcrumb\"},\"inLanguage\":\"fr-FR\",\"potentialAction\":[{\"@type\":\"ReadAction\",\"target\":[\"https:\\\/\\\/kompakt-gmbh.de\\\/fr\\\/personne-de-contact\\\/\"]}]},{\"@type\":\"BreadcrumbList\",\"@id\":\"https:\\\/\\\/kompakt-gmbh.de\\\/fr\\\/personne-de-contact\\\/#breadcrumb\",\"itemListElement\":[{\"@type\":\"ListItem\",\"position\":1,\"name\":\"Startseite\",\"item\":\"https:\\\/\\\/kompakt-gmbh.de\\\/fr\\\/\"},{\"@type\":\"ListItem\",\"position\":2,\"name\":\"Personne \u00e0 contacter\"}]},{\"@type\":\"WebSite\",\"@id\":\"https:\\\/\\\/kompakt-gmbh.de\\\/fr\\\/#website\",\"url\":\"https:\\\/\\\/kompakt-gmbh.de\\\/fr\\\/\",\"name\":\"Kom-pakt GmbH \u00d6tisheim | Karlsruhe\",\"description\":\"Deponiebau | Abfallwirtschaft | Fl\u00e4chenrecycling\",\"potentialAction\":[{\"@type\":\"SearchAction\",\"target\":{\"@type\":\"EntryPoint\",\"urlTemplate\":\"https:\\\/\\\/kompakt-gmbh.de\\\/fr\\\/?s={search_term_string}\"},\"query-input\":{\"@type\":\"PropertyValueSpecification\",\"valueRequired\":true,\"valueName\":\"search_term_string\"}}],\"inLanguage\":\"fr-FR\"}]}<\/script>\n<!-- \/ Yoast SEO plugin. -->","yoast_head_json":{"title":"Contact - Kom-pakt GmbH - Conseil + Planification","description":"Kom-pakt GmbH - Beratung + Planung, Si\u00e8ge social : Allmendstra\u00dfe 6, 75443 \u00d6tisheim, T\u00e9l\u00e9phone : +49 7041 81 97-50, Bureau Karlsruhe : T\u00e9l\u00e9phone : +49 721 831 44-44","robots":{"index":"index","follow":"follow","max-snippet":"max-snippet:-1","max-image-preview":"max-image-preview:large","max-video-preview":"max-video-preview:-1"},"canonical":"https:\/\/kompakt-gmbh.de\/fr\/personne-de-contact\/","og_locale":"fr_FR","og_type":"article","og_title":"Contact - Kom-pakt GmbH - Conseil + Planification","og_description":"Kom-pakt GmbH - Beratung + Planung, Si\u00e8ge social : Allmendstra\u00dfe 6, 75443 \u00d6tisheim, T\u00e9l\u00e9phone : +49 7041 81 97-50, Bureau Karlsruhe : T\u00e9l\u00e9phone : +49 721 831 44-44","og_url":"https:\/\/kompakt-gmbh.de\/fr\/personne-de-contact\/","og_site_name":"Kom-pakt GmbH \u00d6tisheim | Karlsruhe","article_modified_time":"2025-07-14T12:30:55+00:00","twitter_card":"summary_large_image","twitter_misc":{"Dur\u00e9e de lecture estim\u00e9e":"36 minutes"},"schema":{"@context":"https:\/\/schema.org","@graph":[{"@type":"WebPage","@id":"https:\/\/kompakt-gmbh.de\/fr\/personne-de-contact\/","url":"https:\/\/kompakt-gmbh.de\/fr\/personne-de-contact\/","name":"Contact - Kom-pakt GmbH - Conseil + Planification","isPartOf":{"@id":"https:\/\/kompakt-gmbh.de\/fr\/#website"},"datePublished":"2017-08-09T12:53:21+00:00","dateModified":"2025-07-14T12:30:55+00:00","description":"Kom-pakt GmbH - Beratung + Planung, Si\u00e8ge social : Allmendstra\u00dfe 6, 75443 \u00d6tisheim, T\u00e9l\u00e9phone : +49 7041 81 97-50, Bureau Karlsruhe : T\u00e9l\u00e9phone : +49 721 831 44-44","breadcrumb":{"@id":"https:\/\/kompakt-gmbh.de\/fr\/personne-de-contact\/#breadcrumb"},"inLanguage":"fr-FR","potentialAction":[{"@type":"ReadAction","target":["https:\/\/kompakt-gmbh.de\/fr\/personne-de-contact\/"]}]},{"@type":"BreadcrumbList","@id":"https:\/\/kompakt-gmbh.de\/fr\/personne-de-contact\/#breadcrumb","itemListElement":[{"@type":"ListItem","position":1,"name":"Startseite","item":"https:\/\/kompakt-gmbh.de\/fr\/"},{"@type":"ListItem","position":2,"name":"Personne \u00e0 contacter"}]},{"@type":"WebSite","@id":"https:\/\/kompakt-gmbh.de\/fr\/#website","url":"https:\/\/kompakt-gmbh.de\/fr\/","name":"Kom-pakt GmbH \u00d6tisheim | Karlsruhe","description":"Deponiebau | Abfallwirtschaft | Fl\u00e4chenrecycling","potentialAction":[{"@type":"SearchAction","target":{"@type":"EntryPoint","urlTemplate":"https:\/\/kompakt-gmbh.de\/fr\/?s={search_term_string}"},"query-input":{"@type":"PropertyValueSpecification","valueRequired":true,"valueName":"search_term_string"}}],"inLanguage":"fr-FR"}]}},"_links":{"self":[{"href":"https:\/\/kompakt-gmbh.de\/fr\/wp-json\/wp\/v2\/pages\/973","targetHints":{"allow":["GET"]}}],"collection":[{"href":"https:\/\/kompakt-gmbh.de\/fr\/wp-json\/wp\/v2\/pages"}],"about":[{"href":"https:\/\/kompakt-gmbh.de\/fr\/wp-json\/wp\/v2\/types\/page"}],"author":[{"embeddable":true,"href":"https:\/\/kompakt-gmbh.de\/fr\/wp-json\/wp\/v2\/users\/3"}],"replies":[{"embeddable":true,"href":"https:\/\/kompakt-gmbh.de\/fr\/wp-json\/wp\/v2\/comments?post=973"}],"version-history":[{"count":3,"href":"https:\/\/kompakt-gmbh.de\/fr\/wp-json\/wp\/v2\/pages\/973\/revisions"}],"predecessor-version":[{"id":3559,"href":"https:\/\/kompakt-gmbh.de\/fr\/wp-json\/wp\/v2\/pages\/973\/revisions\/3559"}],"wp:attachment":[{"href":"https:\/\/kompakt-gmbh.de\/fr\/wp-json\/wp\/v2\/media?parent=973"}],"curies":[{"name":"wp","href":"https:\/\/api.w.org\/{rel}","templated":true}]}}