{"id":1200,"date":"2017-08-12T11:38:44","date_gmt":"2017-08-12T09:38:44","guid":{"rendered":"https:\/\/kompakt-gmbh.de\/de-nosotros\/"},"modified":"2025-07-01T11:45:57","modified_gmt":"2025-07-01T09:45:57","slug":"de-nosotros","status":"publish","type":"page","link":"https:\/\/kompakt-gmbh.de\/es\/de-nosotros\/","title":{"rendered":"De nosotros"},"content":{"rendered":"<div class=\"fusion-fullwidth fullwidth-box fusion-builder-row-1 fusion-flex-container nonhundred-percent-fullwidth non-hundred-percent-height-scrolling\" style=\"--awb-border-radius-top-left:0px;--awb-border-radius-top-right:0px;--awb-border-radius-bottom-right:0px;--awb-border-radius-bottom-left:0px;--awb-flex-wrap:wrap;\" ><div class=\"fusion-builder-row fusion-row fusion-flex-align-items-flex-start fusion-flex-content-wrap\" style=\"max-width:calc( 1200px + 0px );margin-left: calc(-0px \/ 2 );margin-right: calc(-0px \/ 2 );\"><div class=\"fusion-layout-column fusion_builder_column fusion-builder-column-0 fusion_builder_column_1_1 1_1 fusion-flex-column\" style=\"--awb-bg-size:cover;--awb-width-large:100%;--awb-margin-top-large:0px;--awb-spacing-right-large:0px;--awb-margin-bottom-large:0px;--awb-spacing-left-large:0px;--awb-width-medium:100%;--awb-spacing-right-medium:0px;--awb-spacing-left-medium:0px;--awb-width-small:100%;--awb-spacing-right-small:0px;--awb-spacing-left-small:0px;\"><div class=\"fusion-column-wrapper fusion-flex-justify-content-flex-start fusion-content-layout-column\"><div class=\"fusion-text fusion-text-1\"><p>17 a\u00f1os despu\u00e9s de la actividad que delibera y que proyecta en la relaci\u00f3n de empleado, sobre todo en las areas construcci\u00f3n de vaciaderos, derribo selectivo de edificios, vertederos de residuos contaminantes, reconocimiento de cementerios, gestion de residuos y reciclaje de areas nos, o sea<\/p>\n<p>J\u00fcrgen Traub (Dipl.-Ing) y<br \/>\nDr. rer. nat. Hans-Joachim Fischer (Dipl.-Geol.)<br \/>\nhhemos decidido a fundar una oficina de consulta y de planificaci\u00f3n propia.<\/p>\n<p>Como <b>Kom-pakt GmbH<\/b> le ofrecemos nuestros rendimientos desde el 1 de septiembre de 2006. La fiabilidad, calidad, eficiencia, fidelidad de cita y fidelidad de gastos, en el caso de necesidades sin embargo tambi\u00e9n el \u00e1nimo la manera de proceder extraordinaria, eran y son se\u00f1ales de reconocimiento importantes de nuestra acci\u00f3n.<\/p>\n<p>Despu\u00e9s de casi 20 a\u00f1os desde nuestra fundaci\u00f3n, creemos que ha llegado el momento de iniciar un cambio generacional gradual para poder seguir apoy\u00e1ndole en el futuro de forma fiable con nuestro perfil de servicio en la calidad habitual y siempre a la vanguardia de la tecnolog\u00eda.<\/p>\n<p>Con este objetivo, nuestro Dr. Hans-Joachim Fischer se retirar\u00e1 de la \u00abprimera fila\u00bb el 01.07.2025 y el Sr. Tobias Beckel (M. Eng.) ocupar\u00e1 su lugar en la direcci\u00f3n de la empresa.<\/p>\n<p>Por un lado, nuestro perfil de servicio en el campo de la construcci\u00f3n de vertederos \/ planificaci\u00f3n de vertederos se ver\u00e1 considerablemente reforzado, pero tambi\u00e9n rejuvenecido. Por otro lado, el Dr. Fischer, en su calidad de Consultor Senior, seguir\u00e1 dirigiendo las \u00e1reas especializadas de revitalizaci\u00f3n de terrenos (incl. deconstrucci\u00f3n, declaraci\u00f3n, contaminantes de edificios, gesti\u00f3n de flujos de materiales, salud y seguridad en el trabajo) y geolog\u00eda aplicada (incl. gesti\u00f3n de terrenos contaminados, protecci\u00f3n de suelos \/ aguas subterr\u00e1neas, geolog\u00eda de cementerios).<\/p>\n<p>Esta seguir\u00e1 siendo nuestra pretensi\u00f3n:<\/p>\n<p><em>\u00a1<\/em><em>Consideramos sus preguntas o casos problem\u00e1ticos como nuestro reto! <\/em><\/p>\n<\/div><\/div><\/div><\/div><\/div>\n","protected":false},"excerpt":{"rendered":"","protected":false},"author":3,"featured_media":0,"parent":0,"menu_order":0,"comment_status":"closed","ping_status":"closed","template":"","meta":{"footnotes":""},"class_list":["post-1200","page","type-page","status-publish","hentry"],"yoast_head":"<!-- This site is optimized with the Yoast SEO plugin v27.5 - https:\/\/yoast.com\/product\/yoast-seo-wordpress\/ -->\n<title>De nosotros - Kom-pakt GmbH \u00d6tisheim | Karlsruhe<\/title>\n<meta name=\"description\" content=\"Zuverl\u00e4ssigkeit, Qualit\u00e4t, Effizienz, Termin- und Kostentreue. B\u00fcro Karlsruhe: Telefon: +49 721 831 44-44;\" \/>\n<meta name=\"robots\" content=\"index, follow, max-snippet:-1, max-image-preview:large, max-video-preview:-1\" \/>\n<link rel=\"canonical\" href=\"https:\/\/kompakt-gmbh.de\/es\/de-nosotros\/\" \/>\n<meta property=\"og:locale\" content=\"es_ES\" \/>\n<meta property=\"og:type\" content=\"article\" \/>\n<meta property=\"og:title\" content=\"De nosotros - Kom-pakt GmbH \u00d6tisheim | Karlsruhe\" \/>\n<meta property=\"og:description\" content=\"Zuverl\u00e4ssigkeit, Qualit\u00e4t, Effizienz, Termin- und Kostentreue. B\u00fcro Karlsruhe: Telefon: +49 721 831 44-44;\" \/>\n<meta property=\"og:url\" content=\"https:\/\/kompakt-gmbh.de\/es\/de-nosotros\/\" \/>\n<meta property=\"og:site_name\" content=\"Kom-pakt GmbH \u00d6tisheim | Karlsruhe\" \/>\n<meta property=\"article:modified_time\" content=\"2025-07-01T09:45:57+00:00\" \/>\n<meta name=\"twitter:card\" content=\"summary_large_image\" \/>\n<meta name=\"twitter:label1\" content=\"Tiempo de lectura\" \/>\n\t<meta name=\"twitter:data1\" content=\"1 minuto\" \/>\n<script type=\"application\/ld+json\" class=\"yoast-schema-graph\">{\"@context\":\"https:\\\/\\\/schema.org\",\"@graph\":[{\"@type\":\"WebPage\",\"@id\":\"https:\\\/\\\/kompakt-gmbh.de\\\/es\\\/de-nosotros\\\/\",\"url\":\"https:\\\/\\\/kompakt-gmbh.de\\\/es\\\/de-nosotros\\\/\",\"name\":\"De nosotros - Kom-pakt GmbH \u00d6tisheim | Karlsruhe\",\"isPartOf\":{\"@id\":\"https:\\\/\\\/kompakt-gmbh.de\\\/es\\\/#website\"},\"datePublished\":\"2017-08-12T09:38:44+00:00\",\"dateModified\":\"2025-07-01T09:45:57+00:00\",\"description\":\"Zuverl\u00e4ssigkeit, Qualit\u00e4t, Effizienz, Termin- und Kostentreue. B\u00fcro Karlsruhe: Telefon: +49 721 831 44-44;\",\"breadcrumb\":{\"@id\":\"https:\\\/\\\/kompakt-gmbh.de\\\/es\\\/de-nosotros\\\/#breadcrumb\"},\"inLanguage\":\"es\",\"potentialAction\":[{\"@type\":\"ReadAction\",\"target\":[\"https:\\\/\\\/kompakt-gmbh.de\\\/es\\\/de-nosotros\\\/\"]}]},{\"@type\":\"BreadcrumbList\",\"@id\":\"https:\\\/\\\/kompakt-gmbh.de\\\/es\\\/de-nosotros\\\/#breadcrumb\",\"itemListElement\":[{\"@type\":\"ListItem\",\"position\":1,\"name\":\"Startseite\",\"item\":\"https:\\\/\\\/kompakt-gmbh.de\\\/es\\\/\"},{\"@type\":\"ListItem\",\"position\":2,\"name\":\"De nosotros\"}]},{\"@type\":\"WebSite\",\"@id\":\"https:\\\/\\\/kompakt-gmbh.de\\\/es\\\/#website\",\"url\":\"https:\\\/\\\/kompakt-gmbh.de\\\/es\\\/\",\"name\":\"Kom-pakt GmbH \u00d6tisheim | Karlsruhe\",\"description\":\"Deponiebau | Abfallwirtschaft | Fl\u00e4chenrecycling\",\"potentialAction\":[{\"@type\":\"SearchAction\",\"target\":{\"@type\":\"EntryPoint\",\"urlTemplate\":\"https:\\\/\\\/kompakt-gmbh.de\\\/es\\\/?s={search_term_string}\"},\"query-input\":{\"@type\":\"PropertyValueSpecification\",\"valueRequired\":true,\"valueName\":\"search_term_string\"}}],\"inLanguage\":\"es\"}]}<\/script>\n<!-- \/ Yoast SEO plugin. -->","yoast_head_json":{"title":"De nosotros - Kom-pakt GmbH \u00d6tisheim | Karlsruhe","description":"Zuverl\u00e4ssigkeit, Qualit\u00e4t, Effizienz, Termin- und Kostentreue. B\u00fcro Karlsruhe: Telefon: +49 721 831 44-44;","robots":{"index":"index","follow":"follow","max-snippet":"max-snippet:-1","max-image-preview":"max-image-preview:large","max-video-preview":"max-video-preview:-1"},"canonical":"https:\/\/kompakt-gmbh.de\/es\/de-nosotros\/","og_locale":"es_ES","og_type":"article","og_title":"De nosotros - Kom-pakt GmbH \u00d6tisheim | Karlsruhe","og_description":"Zuverl\u00e4ssigkeit, Qualit\u00e4t, Effizienz, Termin- und Kostentreue. B\u00fcro Karlsruhe: Telefon: +49 721 831 44-44;","og_url":"https:\/\/kompakt-gmbh.de\/es\/de-nosotros\/","og_site_name":"Kom-pakt GmbH \u00d6tisheim | Karlsruhe","article_modified_time":"2025-07-01T09:45:57+00:00","twitter_card":"summary_large_image","twitter_misc":{"Tiempo de lectura":"1 minuto"},"schema":{"@context":"https:\/\/schema.org","@graph":[{"@type":"WebPage","@id":"https:\/\/kompakt-gmbh.de\/es\/de-nosotros\/","url":"https:\/\/kompakt-gmbh.de\/es\/de-nosotros\/","name":"De nosotros - Kom-pakt GmbH \u00d6tisheim | Karlsruhe","isPartOf":{"@id":"https:\/\/kompakt-gmbh.de\/es\/#website"},"datePublished":"2017-08-12T09:38:44+00:00","dateModified":"2025-07-01T09:45:57+00:00","description":"Zuverl\u00e4ssigkeit, Qualit\u00e4t, Effizienz, Termin- und Kostentreue. B\u00fcro Karlsruhe: Telefon: +49 721 831 44-44;","breadcrumb":{"@id":"https:\/\/kompakt-gmbh.de\/es\/de-nosotros\/#breadcrumb"},"inLanguage":"es","potentialAction":[{"@type":"ReadAction","target":["https:\/\/kompakt-gmbh.de\/es\/de-nosotros\/"]}]},{"@type":"BreadcrumbList","@id":"https:\/\/kompakt-gmbh.de\/es\/de-nosotros\/#breadcrumb","itemListElement":[{"@type":"ListItem","position":1,"name":"Startseite","item":"https:\/\/kompakt-gmbh.de\/es\/"},{"@type":"ListItem","position":2,"name":"De nosotros"}]},{"@type":"WebSite","@id":"https:\/\/kompakt-gmbh.de\/es\/#website","url":"https:\/\/kompakt-gmbh.de\/es\/","name":"Kom-pakt GmbH \u00d6tisheim | Karlsruhe","description":"Deponiebau | Abfallwirtschaft | Fl\u00e4chenrecycling","potentialAction":[{"@type":"SearchAction","target":{"@type":"EntryPoint","urlTemplate":"https:\/\/kompakt-gmbh.de\/es\/?s={search_term_string}"},"query-input":{"@type":"PropertyValueSpecification","valueRequired":true,"valueName":"search_term_string"}}],"inLanguage":"es"}]}},"_links":{"self":[{"href":"https:\/\/kompakt-gmbh.de\/es\/wp-json\/wp\/v2\/pages\/1200","targetHints":{"allow":["GET"]}}],"collection":[{"href":"https:\/\/kompakt-gmbh.de\/es\/wp-json\/wp\/v2\/pages"}],"about":[{"href":"https:\/\/kompakt-gmbh.de\/es\/wp-json\/wp\/v2\/types\/page"}],"author":[{"embeddable":true,"href":"https:\/\/kompakt-gmbh.de\/es\/wp-json\/wp\/v2\/users\/3"}],"replies":[{"embeddable":true,"href":"https:\/\/kompakt-gmbh.de\/es\/wp-json\/wp\/v2\/comments?post=1200"}],"version-history":[{"count":3,"href":"https:\/\/kompakt-gmbh.de\/es\/wp-json\/wp\/v2\/pages\/1200\/revisions"}],"predecessor-version":[{"id":3359,"href":"https:\/\/kompakt-gmbh.de\/es\/wp-json\/wp\/v2\/pages\/1200\/revisions\/3359"}],"wp:attachment":[{"href":"https:\/\/kompakt-gmbh.de\/es\/wp-json\/wp\/v2\/media?parent=1200"}],"curies":[{"name":"wp","href":"https:\/\/api.w.org\/{rel}","templated":true}]}}