{"id":1432,"date":"2017-08-14T09:33:19","date_gmt":"2017-08-14T07:33:19","guid":{"rendered":"https:\/\/kompakt-gmbh.de\/neco-o-nas\/"},"modified":"2025-07-01T11:49:34","modified_gmt":"2025-07-01T09:49:34","slug":"neco-o-nas","status":"publish","type":"page","link":"https:\/\/kompakt-gmbh.de\/cs\/neco-o-nas\/","title":{"rendered":"N\u011bco o n\u00e1s"},"content":{"rendered":"<div class=\"fusion-fullwidth fullwidth-box fusion-builder-row-1 fusion-flex-container nonhundred-percent-fullwidth non-hundred-percent-height-scrolling\" style=\"--awb-border-radius-top-left:0px;--awb-border-radius-top-right:0px;--awb-border-radius-bottom-right:0px;--awb-border-radius-bottom-left:0px;--awb-flex-wrap:wrap;\" ><div class=\"fusion-builder-row fusion-row fusion-flex-align-items-flex-start fusion-flex-content-wrap\" style=\"max-width:calc( 1200px + 0px );margin-left: calc(-0px \/ 2 );margin-right: calc(-0px \/ 2 );\"><div class=\"fusion-layout-column fusion_builder_column fusion-builder-column-0 fusion_builder_column_1_1 1_1 fusion-flex-column\" style=\"--awb-bg-size:cover;--awb-width-large:100%;--awb-margin-top-large:0px;--awb-spacing-right-large:0px;--awb-margin-bottom-large:0px;--awb-spacing-left-large:0px;--awb-width-medium:100%;--awb-spacing-right-medium:0px;--awb-spacing-left-medium:0px;--awb-width-small:100%;--awb-spacing-right-small:0px;--awb-spacing-left-small:0px;\"><div class=\"fusion-column-wrapper fusion-flex-justify-content-flex-start fusion-content-layout-column\"><div class=\"fusion-text fusion-text-1\"><h2>N\u011bco o n\u00e1s<\/h2>\n<p>Po 17 letech poradenstv\u00ed a planov\u00e1n\u00e9 \u010dinnosti, p\u0159edev\u0161\u00edm v oborech p\u016fsobnosti konstrukce skl\u00e1dek, demont\u00e1\u017ee budov, star\u00e9 z\u00e1t\u011b\u017ee, h\u0159bitovn\u00edch posudk\u016f, hospoda\u0159en\u00ed s odpady a plo\u0161nou reaktivac\u00ed, jsme \u2013 tj.<\/p>\n<p>J\u00fcrgen Traub (Dipl.-Ing) a<br \/>\nDr. rer. nat. Hans-Joachim Fischer (Dipl.-Geol.)<\/p>\n<p>zalo\u017eili vlastn\u00ed firmu pro poradenstv\u00ed a pl\u00e1nov\u00e1n\u00ed..<\/p>\n<p>Jako <b>Kom-pakt GmbH<\/b> Vam nab\u00edz\u00edme na\u0161e slu\u017eby od z\u00e1\u0159\u00ed 2006:<\/p>\n<ul>\n<li>spolehlivost, kvalitu, efektivnost, dodr\u017eov\u00e1n\u00ed term\u00edn\u016f a n\u00e1klad\u016f,<\/li>\n<li>vysv\u011btlen\u00ed nekonven\u010dn\u00edch zp\u016fsob\u016f postup\u016f<\/li>\n<\/ul>\n<p>Po t\u00e9m\u011b\u0159 20 letech od na\u0161eho zalo\u017een\u00ed v\u011b\u0159\u00edme, \u017ee nastal \u010das zah\u00e1jit postupnou genera\u010dn\u00ed obm\u011bnu, abychom v\u00e1s mohli i v budoucnu spolehliv\u011b podporovat profilem na\u0161ich slu\u017eeb v obvykl\u00e9 kvalit\u011b a v\u017edy na \u0161pi\u010dkov\u00e9 technologick\u00e9 \u00farovni.<\/p>\n<p>S ohledem na tuto skute\u010dnost odch\u00e1z\u00ed n\u00e1\u0161 Dr. Hans-Joachim Fischer k 1. 7. 2025 z &#8222;prvn\u00ed \u0159ady&#8220; a jeho m\u00edsto ve veden\u00ed spole\u010dnosti zaujme pan Tobias Beckel (M. Eng.).<\/p>\n<p>N\u00e1\u0161 profil slu\u017eeb v oblasti v\u00fdstavby skl\u00e1dek \/ pl\u00e1nov\u00e1n\u00ed skl\u00e1dek bude na jedn\u00e9 stran\u011b v\u00fdrazn\u011b pos\u00edlen, ale tak\u00e9 omlazen. Na druh\u00e9 stran\u011b bude Dr. Fischer jako senior konzultant nad\u00e1le \u0159\u00eddit odborn\u00e9 oblasti revitalizace \u00fazem\u00ed (v\u010d. dekonstrukc\u00ed, ohla\u0161ov\u00e1n\u00ed, stavebn\u00edch \u0161kodlivin, \u0159\u00edzen\u00ed materi\u00e1lov\u00fdch tok\u016f, bezpe\u010dnosti a ochrany zdrav\u00ed p\u0159i pr\u00e1ci) a aplikovan\u00e9 geologie (v\u010d. zpracov\u00e1n\u00ed kontaminovan\u00fdch m\u00edst, ochrany p\u016fdy \/ podzemn\u00edch vod, h\u0159bitovn\u00ed geologie).<\/p>\n<p>To bude i nad\u00e1le na\u0161\u00edm n\u00e1rokem:<\/p>\n<p><em>Va\u0161e dotazy nebo probl\u00e9mov\u00e9 p\u0159\u00edpady vn\u00edm\u00e1me jako na\u0161i v\u00fdzvu!<\/em><\/p>\n<\/div><\/div><\/div><\/div><\/div>\n","protected":false},"excerpt":{"rendered":"","protected":false},"author":3,"featured_media":0,"parent":0,"menu_order":0,"comment_status":"closed","ping_status":"closed","template":"","meta":{"footnotes":""},"class_list":["post-1432","page","type-page","status-publish","hentry"],"yoast_head":"<!-- This site is optimized with the Yoast SEO plugin v27.5 - https:\/\/yoast.com\/product\/yoast-seo-wordpress\/ -->\n<title>N\u011bco o n\u00e1s - Kom-pakt GmbH \u00d6tisheim | Karlsruhe<\/title>\n<meta name=\"description\" content=\"Zuverl\u00e4ssigkeit, Qualit\u00e4t, Effizienz, Termin- und Kostentreue. B\u00fcro Karlsruhe: Telefon: +49 721 831 44-44;\" \/>\n<meta name=\"robots\" content=\"index, follow, max-snippet:-1, max-image-preview:large, max-video-preview:-1\" \/>\n<link rel=\"canonical\" href=\"https:\/\/kompakt-gmbh.de\/cs\/neco-o-nas\/\" \/>\n<meta property=\"og:locale\" content=\"cs_CZ\" \/>\n<meta property=\"og:type\" content=\"article\" \/>\n<meta property=\"og:title\" content=\"N\u011bco o n\u00e1s - Kom-pakt GmbH \u00d6tisheim | Karlsruhe\" \/>\n<meta property=\"og:description\" content=\"Zuverl\u00e4ssigkeit, Qualit\u00e4t, Effizienz, Termin- und Kostentreue. B\u00fcro Karlsruhe: Telefon: +49 721 831 44-44;\" \/>\n<meta property=\"og:url\" content=\"https:\/\/kompakt-gmbh.de\/cs\/neco-o-nas\/\" \/>\n<meta property=\"og:site_name\" content=\"Kom-pakt GmbH \u00d6tisheim | Karlsruhe\" \/>\n<meta property=\"article:modified_time\" content=\"2025-07-01T09:49:34+00:00\" \/>\n<meta name=\"twitter:card\" content=\"summary_large_image\" \/>\n<meta name=\"twitter:label1\" content=\"Odhadovan\u00e1 doba \u010dten\u00ed\" \/>\n\t<meta name=\"twitter:data1\" content=\"1 minuta\" \/>\n<script type=\"application\/ld+json\" class=\"yoast-schema-graph\">{\"@context\":\"https:\\\/\\\/schema.org\",\"@graph\":[{\"@type\":\"WebPage\",\"@id\":\"https:\\\/\\\/kompakt-gmbh.de\\\/cs\\\/neco-o-nas\\\/\",\"url\":\"https:\\\/\\\/kompakt-gmbh.de\\\/cs\\\/neco-o-nas\\\/\",\"name\":\"N\u011bco o n\u00e1s - Kom-pakt GmbH \u00d6tisheim | Karlsruhe\",\"isPartOf\":{\"@id\":\"https:\\\/\\\/kompakt-gmbh.de\\\/cs\\\/#website\"},\"datePublished\":\"2017-08-14T07:33:19+00:00\",\"dateModified\":\"2025-07-01T09:49:34+00:00\",\"description\":\"Zuverl\u00e4ssigkeit, Qualit\u00e4t, Effizienz, Termin- und Kostentreue. B\u00fcro Karlsruhe: Telefon: +49 721 831 44-44;\",\"breadcrumb\":{\"@id\":\"https:\\\/\\\/kompakt-gmbh.de\\\/cs\\\/neco-o-nas\\\/#breadcrumb\"},\"inLanguage\":\"cs\",\"potentialAction\":[{\"@type\":\"ReadAction\",\"target\":[\"https:\\\/\\\/kompakt-gmbh.de\\\/cs\\\/neco-o-nas\\\/\"]}]},{\"@type\":\"BreadcrumbList\",\"@id\":\"https:\\\/\\\/kompakt-gmbh.de\\\/cs\\\/neco-o-nas\\\/#breadcrumb\",\"itemListElement\":[{\"@type\":\"ListItem\",\"position\":1,\"name\":\"Startseite\",\"item\":\"https:\\\/\\\/kompakt-gmbh.de\\\/cs\\\/\"},{\"@type\":\"ListItem\",\"position\":2,\"name\":\"N\u011bco o n\u00e1s\"}]},{\"@type\":\"WebSite\",\"@id\":\"https:\\\/\\\/kompakt-gmbh.de\\\/cs\\\/#website\",\"url\":\"https:\\\/\\\/kompakt-gmbh.de\\\/cs\\\/\",\"name\":\"Kom-pakt GmbH \u00d6tisheim | Karlsruhe\",\"description\":\"Deponiebau | Abfallwirtschaft | Fl\u00e4chenrecycling\",\"potentialAction\":[{\"@type\":\"SearchAction\",\"target\":{\"@type\":\"EntryPoint\",\"urlTemplate\":\"https:\\\/\\\/kompakt-gmbh.de\\\/cs\\\/?s={search_term_string}\"},\"query-input\":{\"@type\":\"PropertyValueSpecification\",\"valueRequired\":true,\"valueName\":\"search_term_string\"}}],\"inLanguage\":\"cs\"}]}<\/script>\n<!-- \/ Yoast SEO plugin. -->","yoast_head_json":{"title":"N\u011bco o n\u00e1s - Kom-pakt GmbH \u00d6tisheim | Karlsruhe","description":"Zuverl\u00e4ssigkeit, Qualit\u00e4t, Effizienz, Termin- und Kostentreue. B\u00fcro Karlsruhe: Telefon: +49 721 831 44-44;","robots":{"index":"index","follow":"follow","max-snippet":"max-snippet:-1","max-image-preview":"max-image-preview:large","max-video-preview":"max-video-preview:-1"},"canonical":"https:\/\/kompakt-gmbh.de\/cs\/neco-o-nas\/","og_locale":"cs_CZ","og_type":"article","og_title":"N\u011bco o n\u00e1s - Kom-pakt GmbH \u00d6tisheim | Karlsruhe","og_description":"Zuverl\u00e4ssigkeit, Qualit\u00e4t, Effizienz, Termin- und Kostentreue. B\u00fcro Karlsruhe: Telefon: +49 721 831 44-44;","og_url":"https:\/\/kompakt-gmbh.de\/cs\/neco-o-nas\/","og_site_name":"Kom-pakt GmbH \u00d6tisheim | Karlsruhe","article_modified_time":"2025-07-01T09:49:34+00:00","twitter_card":"summary_large_image","twitter_misc":{"Odhadovan\u00e1 doba \u010dten\u00ed":"1 minuta"},"schema":{"@context":"https:\/\/schema.org","@graph":[{"@type":"WebPage","@id":"https:\/\/kompakt-gmbh.de\/cs\/neco-o-nas\/","url":"https:\/\/kompakt-gmbh.de\/cs\/neco-o-nas\/","name":"N\u011bco o n\u00e1s - Kom-pakt GmbH \u00d6tisheim | Karlsruhe","isPartOf":{"@id":"https:\/\/kompakt-gmbh.de\/cs\/#website"},"datePublished":"2017-08-14T07:33:19+00:00","dateModified":"2025-07-01T09:49:34+00:00","description":"Zuverl\u00e4ssigkeit, Qualit\u00e4t, Effizienz, Termin- und Kostentreue. B\u00fcro Karlsruhe: Telefon: +49 721 831 44-44;","breadcrumb":{"@id":"https:\/\/kompakt-gmbh.de\/cs\/neco-o-nas\/#breadcrumb"},"inLanguage":"cs","potentialAction":[{"@type":"ReadAction","target":["https:\/\/kompakt-gmbh.de\/cs\/neco-o-nas\/"]}]},{"@type":"BreadcrumbList","@id":"https:\/\/kompakt-gmbh.de\/cs\/neco-o-nas\/#breadcrumb","itemListElement":[{"@type":"ListItem","position":1,"name":"Startseite","item":"https:\/\/kompakt-gmbh.de\/cs\/"},{"@type":"ListItem","position":2,"name":"N\u011bco o n\u00e1s"}]},{"@type":"WebSite","@id":"https:\/\/kompakt-gmbh.de\/cs\/#website","url":"https:\/\/kompakt-gmbh.de\/cs\/","name":"Kom-pakt GmbH \u00d6tisheim | Karlsruhe","description":"Deponiebau | Abfallwirtschaft | Fl\u00e4chenrecycling","potentialAction":[{"@type":"SearchAction","target":{"@type":"EntryPoint","urlTemplate":"https:\/\/kompakt-gmbh.de\/cs\/?s={search_term_string}"},"query-input":{"@type":"PropertyValueSpecification","valueRequired":true,"valueName":"search_term_string"}}],"inLanguage":"cs"}]}},"_links":{"self":[{"href":"https:\/\/kompakt-gmbh.de\/cs\/wp-json\/wp\/v2\/pages\/1432","targetHints":{"allow":["GET"]}}],"collection":[{"href":"https:\/\/kompakt-gmbh.de\/cs\/wp-json\/wp\/v2\/pages"}],"about":[{"href":"https:\/\/kompakt-gmbh.de\/cs\/wp-json\/wp\/v2\/types\/page"}],"author":[{"embeddable":true,"href":"https:\/\/kompakt-gmbh.de\/cs\/wp-json\/wp\/v2\/users\/3"}],"replies":[{"embeddable":true,"href":"https:\/\/kompakt-gmbh.de\/cs\/wp-json\/wp\/v2\/comments?post=1432"}],"version-history":[{"count":3,"href":"https:\/\/kompakt-gmbh.de\/cs\/wp-json\/wp\/v2\/pages\/1432\/revisions"}],"predecessor-version":[{"id":3361,"href":"https:\/\/kompakt-gmbh.de\/cs\/wp-json\/wp\/v2\/pages\/1432\/revisions\/3361"}],"wp:attachment":[{"href":"https:\/\/kompakt-gmbh.de\/cs\/wp-json\/wp\/v2\/media?parent=1432"}],"curies":[{"name":"wp","href":"https:\/\/api.w.org\/{rel}","templated":true}]}}