{"id":1414,"date":"2017-08-14T09:22:26","date_gmt":"2017-08-14T07:22:26","guid":{"rendered":"https:\/\/kompakt-gmbh.de\/domaci\/"},"modified":"2021-11-22T15:30:49","modified_gmt":"2021-11-22T14:30:49","slug":"domaci","status":"publish","type":"page","link":"https:\/\/kompakt-gmbh.de\/cs\/","title":{"rendered":"Slu\u017eebn\u00ed profil"},"content":{"rendered":"<p><div class=\"fusion-fullwidth fullwidth-box fusion-builder-row-1 fusion-flex-container hundred-percent-fullwidth non-hundred-percent-height-scrolling\" style=\"--awb-border-radius-top-left:0px;--awb-border-radius-top-right:0px;--awb-border-radius-bottom-right:0px;--awb-border-radius-bottom-left:0px;--awb-flex-wrap:wrap;\" ><div class=\"fusion-builder-row fusion-row fusion-flex-align-items-flex-start fusion-flex-content-wrap\" style=\"width:calc( 100% + 0px ) !important;max-width:calc( 100% + 0px ) !important;margin-left: calc(-0px \/ 2 );margin-right: calc(-0px \/ 2 );\"><div class=\"fusion-layout-column fusion_builder_column fusion-builder-column-0 fusion_builder_column_1_1 1_1 fusion-flex-column\" style=\"--awb-bg-size:cover;--awb-width-large:100%;--awb-margin-top-large:0px;--awb-spacing-right-large:0px;--awb-margin-bottom-large:20px;--awb-spacing-left-large:0px;--awb-width-medium:100%;--awb-spacing-right-medium:0px;--awb-spacing-left-medium:0px;--awb-width-small:100%;--awb-spacing-right-small:0px;--awb-spacing-left-small:0px;\"><div class=\"fusion-column-wrapper fusion-flex-justify-content-flex-start fusion-content-layout-column\"><div class=\"fusion-separator fusion-full-width-sep\" style=\"align-self: center;margin-left: auto;margin-right: auto;margin-top:30px;width:100%;\"><\/div><\/div><\/div><\/div><\/div><div class=\"fusion-fullwidth fullwidth-box fusion-builder-row-2 fusion-flex-container nonhundred-percent-fullwidth non-hundred-percent-height-scrolling\" style=\"--awb-border-radius-top-left:0px;--awb-border-radius-top-right:0px;--awb-border-radius-bottom-right:0px;--awb-border-radius-bottom-left:0px;--awb-flex-wrap:wrap;\" ><div class=\"fusion-builder-row fusion-row fusion-flex-align-items-flex-start fusion-flex-content-wrap\" style=\"max-width:1248px;margin-left: calc(-4% \/ 2 );margin-right: calc(-4% \/ 2 );\"><div class=\"fusion-layout-column fusion_builder_column fusion-builder-column-1 fusion_builder_column_1_3 1_3 fusion-flex-column\" style=\"--awb-padding-top:10px;--awb-padding-right:10px;--awb-padding-bottom:10px;--awb-padding-left:10px;--awb-bg-size:cover;--awb-border-color:#e5e5e5;--awb-border-top:1px;--awb-border-right:1px;--awb-border-bottom:1px;--awb-border-left:1px;--awb-border-style:solid;--awb-width-large:33.333333333333%;--awb-margin-top-large:0px;--awb-spacing-right-large:5.76%;--awb-margin-bottom-large:20px;--awb-spacing-left-large:5.76%;--awb-width-medium:100%;--awb-spacing-right-medium:1.92%;--awb-spacing-left-medium:1.92%;--awb-width-small:100%;--awb-spacing-right-small:1.92%;--awb-spacing-left-small:1.92%;\"><div class=\"fusion-column-wrapper fusion-flex-justify-content-flex-start fusion-content-layout-column\"><div class=\"fusion-image-element \" style=\"--awb-caption-title-font-family:var(--h2_typography-font-family);--awb-caption-title-font-weight:var(--h2_typography-font-weight);--awb-caption-title-font-style:var(--h2_typography-font-style);--awb-caption-title-size:var(--h2_typography-font-size);--awb-caption-title-transform:var(--h2_typography-text-transform);--awb-caption-title-line-height:var(--h2_typography-line-height);--awb-caption-title-letter-spacing:var(--h2_typography-letter-spacing);\"><span class=\" fusion-imageframe imageframe-none imageframe-1 hover-type-zoomout\"><a class=\"fusion-no-lightbox\" href=\"https:\/\/kompakt-gmbh.de\/cs\/domaci\/nakladani-s-odpady\/\" target=\"_self\" aria-label=\"abfallwirtschaft\"><img decoding=\"async\" width=\"840\" height=\"600\" alt=\"Abfallwirtschaft\" src=\"https:\/\/kompakt-gmbh.de\/wp-content\/uploads\/2018\/01\/abfallwirtschaft.png\" data-orig-src=\"https:\/\/kompakt-gmbh.de\/wp-content\/uploads\/2018\/01\/abfallwirtschaft.png\" class=\"lazyload img-responsive wp-image-1733\" srcset=\"data:image\/svg+xml,%3Csvg%20xmlns%3D%27http%3A%2F%2Fwww.w3.org%2F2000%2Fsvg%27%20width%3D%27840%27%20height%3D%27600%27%20viewBox%3D%270%200%20840%20600%27%3E%3Crect%20width%3D%27840%27%20height%3D%27600%27%20fill-opacity%3D%220%22%2F%3E%3C%2Fsvg%3E\" data-srcset=\"https:\/\/kompakt-gmbh.de\/wp-content\/uploads\/2018\/01\/abfallwirtschaft-200x143.png 200w, https:\/\/kompakt-gmbh.de\/wp-content\/uploads\/2018\/01\/abfallwirtschaft-400x286.png 400w, https:\/\/kompakt-gmbh.de\/wp-content\/uploads\/2018\/01\/abfallwirtschaft-600x429.png 600w, https:\/\/kompakt-gmbh.de\/wp-content\/uploads\/2018\/01\/abfallwirtschaft-800x571.png 800w, https:\/\/kompakt-gmbh.de\/wp-content\/uploads\/2018\/01\/abfallwirtschaft.png 840w\" data-sizes=\"auto\" data-orig-sizes=\"(max-width: 1024px) 100vw, (max-width: 640px) 100vw, 400px\" \/><\/a><\/span><\/div><div class=\"fusion-separator fusion-full-width-sep\" style=\"align-self: center;margin-left: auto;margin-right: auto;margin-top:20px;width:100%;\"><\/div><div class=\"fusion-title title fusion-title-1 sep-underline sep-solid fusion-title-center fusion-title-text fusion-title-size-one\" style=\"--awb-sep-color:#000000;\"><h1 class=\"fusion-title-heading title-heading-center\" style=\"margin:0;\"><a href=\"https:\/\/kompakt-gmbh.de\/cs\/domaci\/nakladani-s-odpady\/\">Nakl\u00e1d\u00e1n\u00ed s odpady<\/a><\/h1><\/div><\/div><\/div><div class=\"fusion-layout-column fusion_builder_column fusion-builder-column-2 fusion_builder_column_1_3 1_3 fusion-flex-column\" style=\"--awb-padding-top:10px;--awb-padding-right:10px;--awb-padding-bottom:10px;--awb-padding-left:10px;--awb-bg-size:cover;--awb-border-color:#e5e5e5;--awb-border-top:1px;--awb-border-right:1px;--awb-border-bottom:1px;--awb-border-left:1px;--awb-border-style:solid;--awb-width-large:33.333333333333%;--awb-margin-top-large:0px;--awb-spacing-right-large:5.76%;--awb-margin-bottom-large:20px;--awb-spacing-left-large:5.76%;--awb-width-medium:100%;--awb-spacing-right-medium:1.92%;--awb-spacing-left-medium:1.92%;--awb-width-small:100%;--awb-spacing-right-small:1.92%;--awb-spacing-left-small:1.92%;\"><div class=\"fusion-column-wrapper fusion-flex-justify-content-flex-start fusion-content-layout-column\"><div class=\"fusion-image-element \" style=\"--awb-caption-title-font-family:var(--h2_typography-font-family);--awb-caption-title-font-weight:var(--h2_typography-font-weight);--awb-caption-title-font-style:var(--h2_typography-font-style);--awb-caption-title-size:var(--h2_typography-font-size);--awb-caption-title-transform:var(--h2_typography-text-transform);--awb-caption-title-line-height:var(--h2_typography-line-height);--awb-caption-title-letter-spacing:var(--h2_typography-letter-spacing);\"><span class=\" fusion-imageframe imageframe-none imageframe-2 hover-type-zoomout\"><a class=\"fusion-no-lightbox\" href=\"https:\/\/kompakt-gmbh.de\/cs\/domaci\/podzemni-voda\/\" target=\"_self\" aria-label=\"grundwasser-840-600\"><img decoding=\"async\" width=\"840\" height=\"600\" alt=\"Grundwasser\" src=\"https:\/\/kompakt-gmbh.de\/wp-content\/uploads\/2018\/01\/grundwasser-840-600.png\" data-orig-src=\"https:\/\/kompakt-gmbh.de\/wp-content\/uploads\/2018\/01\/grundwasser-840-600.png\" class=\"lazyload img-responsive wp-image-1735\" srcset=\"data:image\/svg+xml,%3Csvg%20xmlns%3D%27http%3A%2F%2Fwww.w3.org%2F2000%2Fsvg%27%20width%3D%27840%27%20height%3D%27600%27%20viewBox%3D%270%200%20840%20600%27%3E%3Crect%20width%3D%27840%27%20height%3D%27600%27%20fill-opacity%3D%220%22%2F%3E%3C%2Fsvg%3E\" data-srcset=\"https:\/\/kompakt-gmbh.de\/wp-content\/uploads\/2018\/01\/grundwasser-840-600-200x143.png 200w, https:\/\/kompakt-gmbh.de\/wp-content\/uploads\/2018\/01\/grundwasser-840-600-400x286.png 400w, https:\/\/kompakt-gmbh.de\/wp-content\/uploads\/2018\/01\/grundwasser-840-600-600x429.png 600w, https:\/\/kompakt-gmbh.de\/wp-content\/uploads\/2018\/01\/grundwasser-840-600-800x571.png 800w, https:\/\/kompakt-gmbh.de\/wp-content\/uploads\/2018\/01\/grundwasser-840-600.png 840w\" data-sizes=\"auto\" data-orig-sizes=\"(max-width: 1024px) 100vw, (max-width: 640px) 100vw, 400px\" \/><\/a><\/span><\/div><div class=\"fusion-separator fusion-full-width-sep\" style=\"align-self: center;margin-left: auto;margin-right: auto;margin-top:20px;width:100%;\"><\/div><div class=\"fusion-title title fusion-title-2 sep-underline sep-solid fusion-title-center fusion-title-text fusion-title-size-one\" style=\"--awb-sep-color:#000000;\"><h1 class=\"fusion-title-heading title-heading-center\" style=\"margin:0;\"><a href=\"https:\/\/kompakt-gmbh.de\/cs\/domaci\/podzemni-voda\/\">Podzemn\u00ed voda<\/a><\/h1><\/div><\/div><\/div><div class=\"fusion-layout-column fusion_builder_column fusion-builder-column-3 fusion_builder_column_1_3 1_3 fusion-flex-column\" style=\"--awb-padding-top:10px;--awb-padding-right:10px;--awb-padding-bottom:10px;--awb-padding-left:10px;--awb-bg-size:cover;--awb-border-color:#e5e5e5;--awb-border-top:1px;--awb-border-right:1px;--awb-border-bottom:1px;--awb-border-left:1px;--awb-border-style:solid;--awb-width-large:33.333333333333%;--awb-margin-top-large:0px;--awb-spacing-right-large:5.76%;--awb-margin-bottom-large:20px;--awb-spacing-left-large:5.76%;--awb-width-medium:100%;--awb-spacing-right-medium:1.92%;--awb-spacing-left-medium:1.92%;--awb-width-small:100%;--awb-spacing-right-small:1.92%;--awb-spacing-left-small:1.92%;\"><div class=\"fusion-column-wrapper fusion-flex-justify-content-flex-start fusion-content-layout-column\"><div class=\"fusion-image-element \" style=\"--awb-caption-title-font-family:var(--h2_typography-font-family);--awb-caption-title-font-weight:var(--h2_typography-font-weight);--awb-caption-title-font-style:var(--h2_typography-font-style);--awb-caption-title-size:var(--h2_typography-font-size);--awb-caption-title-transform:var(--h2_typography-text-transform);--awb-caption-title-line-height:var(--h2_typography-line-height);--awb-caption-title-letter-spacing:var(--h2_typography-letter-spacing);\"><span class=\" fusion-imageframe imageframe-none imageframe-3 hover-type-zoomout\"><a class=\"fusion-no-lightbox\" href=\"https:\/\/kompakt-gmbh.de\/cs\/domaci\/vystavba-skladky\/\" target=\"_self\" aria-label=\"deponiebau-840-600\"><img decoding=\"async\" width=\"840\" height=\"600\" alt=\"Deponiebau\" src=\"https:\/\/kompakt-gmbh.de\/wp-content\/uploads\/2018\/01\/deponiebau-840-600.png\" data-orig-src=\"https:\/\/kompakt-gmbh.de\/wp-content\/uploads\/2018\/01\/deponiebau-840-600.png\" class=\"lazyload img-responsive wp-image-1737\" srcset=\"data:image\/svg+xml,%3Csvg%20xmlns%3D%27http%3A%2F%2Fwww.w3.org%2F2000%2Fsvg%27%20width%3D%27840%27%20height%3D%27600%27%20viewBox%3D%270%200%20840%20600%27%3E%3Crect%20width%3D%27840%27%20height%3D%27600%27%20fill-opacity%3D%220%22%2F%3E%3C%2Fsvg%3E\" data-srcset=\"https:\/\/kompakt-gmbh.de\/wp-content\/uploads\/2018\/01\/deponiebau-840-600-200x143.png 200w, https:\/\/kompakt-gmbh.de\/wp-content\/uploads\/2018\/01\/deponiebau-840-600-400x286.png 400w, https:\/\/kompakt-gmbh.de\/wp-content\/uploads\/2018\/01\/deponiebau-840-600-600x429.png 600w, https:\/\/kompakt-gmbh.de\/wp-content\/uploads\/2018\/01\/deponiebau-840-600-800x571.png 800w, https:\/\/kompakt-gmbh.de\/wp-content\/uploads\/2018\/01\/deponiebau-840-600.png 840w\" data-sizes=\"auto\" data-orig-sizes=\"(max-width: 1024px) 100vw, (max-width: 640px) 100vw, 400px\" \/><\/a><\/span><\/div><div class=\"fusion-separator fusion-full-width-sep\" style=\"align-self: center;margin-left: auto;margin-right: auto;margin-top:20px;width:100%;\"><\/div><div class=\"fusion-title title fusion-title-3 sep-underline sep-solid fusion-title-center fusion-title-text fusion-title-size-one\" style=\"--awb-sep-color:#000000;\"><h1 class=\"fusion-title-heading title-heading-center\" style=\"margin:0;\"><a href=\"https:\/\/kompakt-gmbh.de\/cs\/domaci\/vystavba-skladky\/\">V\u00fdstavba skl\u00e1dky<\/a><\/h1><\/div><\/div><\/div><\/div><\/div><div class=\"fusion-fullwidth fullwidth-box fusion-builder-row-3 fusion-flex-container nonhundred-percent-fullwidth non-hundred-percent-height-scrolling\" style=\"--awb-border-radius-top-left:0px;--awb-border-radius-top-right:0px;--awb-border-radius-bottom-right:0px;--awb-border-radius-bottom-left:0px;--awb-flex-wrap:wrap;\" ><div class=\"fusion-builder-row fusion-row fusion-flex-align-items-flex-start fusion-flex-content-wrap\" style=\"max-width:1248px;margin-left: calc(-4% \/ 2 );margin-right: calc(-4% \/ 2 );\"><div class=\"fusion-layout-column fusion_builder_column fusion-builder-column-4 fusion_builder_column_1_3 1_3 fusion-flex-column\" style=\"--awb-padding-top:10px;--awb-padding-right:10px;--awb-padding-bottom:10px;--awb-padding-left:10px;--awb-bg-size:cover;--awb-border-color:#e5e5e5;--awb-border-top:1px;--awb-border-right:1px;--awb-border-bottom:1px;--awb-border-left:1px;--awb-border-style:solid;--awb-width-large:33.333333333333%;--awb-margin-top-large:0px;--awb-spacing-right-large:5.76%;--awb-margin-bottom-large:20px;--awb-spacing-left-large:5.76%;--awb-width-medium:100%;--awb-spacing-right-medium:1.92%;--awb-spacing-left-medium:1.92%;--awb-width-small:100%;--awb-spacing-right-small:1.92%;--awb-spacing-left-small:1.92%;\"><div class=\"fusion-column-wrapper fusion-flex-justify-content-flex-start fusion-content-layout-column\"><div class=\"fusion-image-element \" style=\"--awb-caption-title-font-family:var(--h2_typography-font-family);--awb-caption-title-font-weight:var(--h2_typography-font-weight);--awb-caption-title-font-style:var(--h2_typography-font-style);--awb-caption-title-size:var(--h2_typography-font-size);--awb-caption-title-transform:var(--h2_typography-text-transform);--awb-caption-title-line-height:var(--h2_typography-line-height);--awb-caption-title-letter-spacing:var(--h2_typography-letter-spacing);\"><span class=\" fusion-imageframe imageframe-none imageframe-4 hover-type-zoomout\"><a class=\"fusion-no-lightbox\" href=\"https:\/\/kompakt-gmbh.de\/cs\/domaci\/kontaminowane-lokality\/\" target=\"_self\" aria-label=\"deponiebau-840-600\"><img decoding=\"async\" width=\"840\" height=\"600\" alt=\"Altlasten\" src=\"https:\/\/kompakt-gmbh.de\/wp-content\/uploads\/2018\/01\/deponiebau-840-600.png\" data-orig-src=\"https:\/\/kompakt-gmbh.de\/wp-content\/uploads\/2018\/01\/deponiebau-840-600.png\" class=\"lazyload img-responsive wp-image-1737\" srcset=\"data:image\/svg+xml,%3Csvg%20xmlns%3D%27http%3A%2F%2Fwww.w3.org%2F2000%2Fsvg%27%20width%3D%27840%27%20height%3D%27600%27%20viewBox%3D%270%200%20840%20600%27%3E%3Crect%20width%3D%27840%27%20height%3D%27600%27%20fill-opacity%3D%220%22%2F%3E%3C%2Fsvg%3E\" data-srcset=\"https:\/\/kompakt-gmbh.de\/wp-content\/uploads\/2018\/01\/deponiebau-840-600-200x143.png 200w, https:\/\/kompakt-gmbh.de\/wp-content\/uploads\/2018\/01\/deponiebau-840-600-400x286.png 400w, https:\/\/kompakt-gmbh.de\/wp-content\/uploads\/2018\/01\/deponiebau-840-600-600x429.png 600w, https:\/\/kompakt-gmbh.de\/wp-content\/uploads\/2018\/01\/deponiebau-840-600-800x571.png 800w, https:\/\/kompakt-gmbh.de\/wp-content\/uploads\/2018\/01\/deponiebau-840-600.png 840w\" data-sizes=\"auto\" data-orig-sizes=\"(max-width: 1024px) 100vw, (max-width: 640px) 100vw, 400px\" \/><\/a><\/span><\/div><div class=\"fusion-separator fusion-full-width-sep\" style=\"align-self: center;margin-left: auto;margin-right: auto;margin-top:20px;width:100%;\"><\/div><div class=\"fusion-title title fusion-title-4 sep-underline sep-solid fusion-title-center fusion-title-text fusion-title-size-one\" style=\"--awb-sep-color:#000000;\"><h1 class=\"fusion-title-heading title-heading-center\" style=\"margin:0;\"><a href=\"https:\/\/kompakt-gmbh.de\/cs\/domaci\/kontaminowane-lokality\/\">Kontaminovan\u00e9 lokality<\/a><\/h1><\/div><\/div><\/div><div class=\"fusion-layout-column fusion_builder_column fusion-builder-column-5 fusion_builder_column_1_3 1_3 fusion-flex-column\" style=\"--awb-padding-top:10px;--awb-padding-right:10px;--awb-padding-bottom:10px;--awb-padding-left:10px;--awb-bg-size:cover;--awb-border-color:#e5e5e5;--awb-border-top:1px;--awb-border-right:1px;--awb-border-bottom:1px;--awb-border-left:1px;--awb-border-style:solid;--awb-width-large:33.333333333333%;--awb-margin-top-large:0px;--awb-spacing-right-large:5.76%;--awb-margin-bottom-large:20px;--awb-spacing-left-large:5.76%;--awb-width-medium:100%;--awb-spacing-right-medium:1.92%;--awb-spacing-left-medium:1.92%;--awb-width-small:100%;--awb-spacing-right-small:1.92%;--awb-spacing-left-small:1.92%;\"><div class=\"fusion-column-wrapper fusion-flex-justify-content-flex-start fusion-content-layout-column\"><div class=\"fusion-image-element \" style=\"--awb-caption-title-font-family:var(--h2_typography-font-family);--awb-caption-title-font-weight:var(--h2_typography-font-weight);--awb-caption-title-font-style:var(--h2_typography-font-style);--awb-caption-title-size:var(--h2_typography-font-size);--awb-caption-title-transform:var(--h2_typography-text-transform);--awb-caption-title-line-height:var(--h2_typography-line-height);--awb-caption-title-letter-spacing:var(--h2_typography-letter-spacing);\"><span class=\" fusion-imageframe imageframe-none imageframe-5 hover-type-zoomout\"><a class=\"fusion-no-lightbox\" href=\"https:\/\/kompakt-gmbh.de\/cs\/domaci\/bezpecnost-prace\/\" target=\"_self\" aria-label=\"arbeitsschutz-840-600\"><img decoding=\"async\" width=\"840\" height=\"600\" alt=\"Arbeitsschutz\" src=\"https:\/\/kompakt-gmbh.de\/wp-content\/uploads\/2018\/01\/arbeitsschutz-840-600.png\" data-orig-src=\"https:\/\/kompakt-gmbh.de\/wp-content\/uploads\/2018\/01\/arbeitsschutz-840-600.png\" class=\"lazyload img-responsive wp-image-1740\" srcset=\"data:image\/svg+xml,%3Csvg%20xmlns%3D%27http%3A%2F%2Fwww.w3.org%2F2000%2Fsvg%27%20width%3D%27840%27%20height%3D%27600%27%20viewBox%3D%270%200%20840%20600%27%3E%3Crect%20width%3D%27840%27%20height%3D%27600%27%20fill-opacity%3D%220%22%2F%3E%3C%2Fsvg%3E\" data-srcset=\"https:\/\/kompakt-gmbh.de\/wp-content\/uploads\/2018\/01\/arbeitsschutz-840-600-200x143.png 200w, https:\/\/kompakt-gmbh.de\/wp-content\/uploads\/2018\/01\/arbeitsschutz-840-600-400x286.png 400w, https:\/\/kompakt-gmbh.de\/wp-content\/uploads\/2018\/01\/arbeitsschutz-840-600-600x429.png 600w, https:\/\/kompakt-gmbh.de\/wp-content\/uploads\/2018\/01\/arbeitsschutz-840-600-800x571.png 800w, https:\/\/kompakt-gmbh.de\/wp-content\/uploads\/2018\/01\/arbeitsschutz-840-600.png 840w\" data-sizes=\"auto\" data-orig-sizes=\"(max-width: 1024px) 100vw, (max-width: 640px) 100vw, 400px\" \/><\/a><\/span><\/div><div class=\"fusion-separator fusion-full-width-sep\" style=\"align-self: center;margin-left: auto;margin-right: auto;margin-top:20px;width:100%;\"><\/div><div class=\"fusion-title title fusion-title-5 sep-underline sep-solid fusion-title-center fusion-title-text fusion-title-size-one\" style=\"--awb-sep-color:#000000;\"><h1 class=\"fusion-title-heading title-heading-center\" style=\"margin:0;\"><a href=\"https:\/\/kompakt-gmbh.de\/cs\/domaci\/bezpecnost-prace\/\">Bezpe\u010dnost pr\u00e1ce<\/a><\/h1><\/div><\/div><\/div><div class=\"fusion-layout-column fusion_builder_column fusion-builder-column-6 fusion_builder_column_1_3 1_3 fusion-flex-column\" style=\"--awb-padding-top:10px;--awb-padding-right:10px;--awb-padding-bottom:10px;--awb-padding-left:10px;--awb-bg-size:cover;--awb-border-color:#e5e5e5;--awb-border-top:1px;--awb-border-right:1px;--awb-border-bottom:1px;--awb-border-left:1px;--awb-border-style:solid;--awb-width-large:33.333333333333%;--awb-margin-top-large:0px;--awb-spacing-right-large:5.76%;--awb-margin-bottom-large:20px;--awb-spacing-left-large:5.76%;--awb-width-medium:100%;--awb-spacing-right-medium:1.92%;--awb-spacing-left-medium:1.92%;--awb-width-small:100%;--awb-spacing-right-small:1.92%;--awb-spacing-left-small:1.92%;\"><div class=\"fusion-column-wrapper fusion-flex-justify-content-flex-start fusion-content-layout-column\"><div class=\"fusion-image-element \" style=\"--awb-caption-title-font-family:var(--h2_typography-font-family);--awb-caption-title-font-weight:var(--h2_typography-font-weight);--awb-caption-title-font-style:var(--h2_typography-font-style);--awb-caption-title-size:var(--h2_typography-font-size);--awb-caption-title-transform:var(--h2_typography-text-transform);--awb-caption-title-line-height:var(--h2_typography-line-height);--awb-caption-title-letter-spacing:var(--h2_typography-letter-spacing);\"><span class=\" fusion-imageframe imageframe-none imageframe-6 hover-type-zoomout\"><a class=\"fusion-no-lightbox\" href=\"https:\/\/kompakt-gmbh.de\/cs\/domaci\/sanace-skoddlivych-latek-v-budovach\/\" target=\"_self\" aria-label=\"gebaudesanierung-840-600\"><img decoding=\"async\" width=\"840\" height=\"600\" alt=\"Geb\u00e4udeschadstoffsanierung\" src=\"https:\/\/kompakt-gmbh.de\/wp-content\/uploads\/2018\/01\/gebaudesanierung-840-600.png\" data-orig-src=\"https:\/\/kompakt-gmbh.de\/wp-content\/uploads\/2018\/01\/gebaudesanierung-840-600.png\" class=\"lazyload img-responsive wp-image-1742\" srcset=\"data:image\/svg+xml,%3Csvg%20xmlns%3D%27http%3A%2F%2Fwww.w3.org%2F2000%2Fsvg%27%20width%3D%27840%27%20height%3D%27600%27%20viewBox%3D%270%200%20840%20600%27%3E%3Crect%20width%3D%27840%27%20height%3D%27600%27%20fill-opacity%3D%220%22%2F%3E%3C%2Fsvg%3E\" data-srcset=\"https:\/\/kompakt-gmbh.de\/wp-content\/uploads\/2018\/01\/gebaudesanierung-840-600-200x143.png 200w, https:\/\/kompakt-gmbh.de\/wp-content\/uploads\/2018\/01\/gebaudesanierung-840-600-400x286.png 400w, https:\/\/kompakt-gmbh.de\/wp-content\/uploads\/2018\/01\/gebaudesanierung-840-600-600x429.png 600w, https:\/\/kompakt-gmbh.de\/wp-content\/uploads\/2018\/01\/gebaudesanierung-840-600-800x571.png 800w, https:\/\/kompakt-gmbh.de\/wp-content\/uploads\/2018\/01\/gebaudesanierung-840-600.png 840w\" data-sizes=\"auto\" data-orig-sizes=\"(max-width: 1024px) 100vw, (max-width: 640px) 100vw, 400px\" \/><\/a><\/span><\/div><div class=\"fusion-separator fusion-full-width-sep\" style=\"align-self: center;margin-left: auto;margin-right: auto;margin-top:20px;width:100%;\"><\/div><div class=\"fusion-title title fusion-title-6 sep-underline sep-solid fusion-title-center fusion-title-text fusion-title-size-one\" style=\"--awb-sep-color:#000000;\"><h1 class=\"fusion-title-heading title-heading-center\" style=\"margin:0;\"><a href=\"https:\/\/kompakt-gmbh.de\/cs\/domaci\/sanace-skoddlivych-latek-v-budovach\/\">Sanace \u0161kodliv\u00fdch l\u00e1tek v budov\u00e1ch<\/a><\/h1><\/div><\/div><\/div><\/div><\/div><div class=\"fusion-fullwidth fullwidth-box fusion-builder-row-4 fusion-flex-container nonhundred-percent-fullwidth non-hundred-percent-height-scrolling\" style=\"--awb-border-radius-top-left:0px;--awb-border-radius-top-right:0px;--awb-border-radius-bottom-right:0px;--awb-border-radius-bottom-left:0px;--awb-flex-wrap:wrap;\" ><div class=\"fusion-builder-row fusion-row fusion-flex-align-items-flex-start fusion-flex-content-wrap\" style=\"max-width:1248px;margin-left: calc(-4% \/ 2 );margin-right: calc(-4% \/ 2 );\"><div class=\"fusion-layout-column fusion_builder_column fusion-builder-column-7 fusion_builder_column_1_3 1_3 fusion-flex-column\" style=\"--awb-padding-top:10px;--awb-padding-right:10px;--awb-padding-bottom:10px;--awb-padding-left:10px;--awb-bg-size:cover;--awb-border-color:#e5e5e5;--awb-border-top:1px;--awb-border-right:1px;--awb-border-bottom:1px;--awb-border-left:1px;--awb-border-style:solid;--awb-width-large:33.333333333333%;--awb-margin-top-large:0px;--awb-spacing-right-large:5.76%;--awb-margin-bottom-large:20px;--awb-spacing-left-large:5.76%;--awb-width-medium:100%;--awb-spacing-right-medium:1.92%;--awb-spacing-left-medium:1.92%;--awb-width-small:100%;--awb-spacing-right-small:1.92%;--awb-spacing-left-small:1.92%;\"><div class=\"fusion-column-wrapper fusion-flex-justify-content-flex-start fusion-content-layout-column\"><div class=\"fusion-image-element \" style=\"--awb-caption-title-font-family:var(--h2_typography-font-family);--awb-caption-title-font-weight:var(--h2_typography-font-weight);--awb-caption-title-font-style:var(--h2_typography-font-style);--awb-caption-title-size:var(--h2_typography-font-size);--awb-caption-title-transform:var(--h2_typography-text-transform);--awb-caption-title-line-height:var(--h2_typography-line-height);--awb-caption-title-letter-spacing:var(--h2_typography-letter-spacing);\"><span class=\" fusion-imageframe imageframe-none imageframe-7 hover-type-zoomout\"><a class=\"fusion-no-lightbox\" href=\"https:\/\/kompakt-gmbh.de\/cs\/domaci\/ptuzkum-hrbitova\/\" target=\"_self\" aria-label=\"friedhof-840-600\"><img decoding=\"async\" width=\"840\" height=\"600\" alt=\"Friedhofsbegutachtung\" src=\"https:\/\/kompakt-gmbh.de\/wp-content\/uploads\/2018\/01\/friedhof-840-600.png\" data-orig-src=\"https:\/\/kompakt-gmbh.de\/wp-content\/uploads\/2018\/01\/friedhof-840-600.png\" class=\"lazyload img-responsive wp-image-1745\" srcset=\"data:image\/svg+xml,%3Csvg%20xmlns%3D%27http%3A%2F%2Fwww.w3.org%2F2000%2Fsvg%27%20width%3D%27840%27%20height%3D%27600%27%20viewBox%3D%270%200%20840%20600%27%3E%3Crect%20width%3D%27840%27%20height%3D%27600%27%20fill-opacity%3D%220%22%2F%3E%3C%2Fsvg%3E\" data-srcset=\"https:\/\/kompakt-gmbh.de\/wp-content\/uploads\/2018\/01\/friedhof-840-600-200x143.png 200w, https:\/\/kompakt-gmbh.de\/wp-content\/uploads\/2018\/01\/friedhof-840-600-400x286.png 400w, https:\/\/kompakt-gmbh.de\/wp-content\/uploads\/2018\/01\/friedhof-840-600-600x429.png 600w, https:\/\/kompakt-gmbh.de\/wp-content\/uploads\/2018\/01\/friedhof-840-600-800x571.png 800w, https:\/\/kompakt-gmbh.de\/wp-content\/uploads\/2018\/01\/friedhof-840-600.png 840w\" data-sizes=\"auto\" data-orig-sizes=\"(max-width: 1024px) 100vw, (max-width: 640px) 100vw, 400px\" \/><\/a><\/span><\/div><div class=\"fusion-separator fusion-full-width-sep\" style=\"align-self: center;margin-left: auto;margin-right: auto;margin-top:20px;width:100%;\"><\/div><div class=\"fusion-title title fusion-title-7 sep-underline sep-solid fusion-title-center fusion-title-text fusion-title-size-one\" style=\"--awb-sep-color:#000000;\"><h1 class=\"fusion-title-heading title-heading-center\" style=\"margin:0;\"><a href=\"https:\/\/kompakt-gmbh.de\/cs\/domaci\/ptuzkum-hrbitova\/\">Pr\u016fzkum h\u0159bitova<\/a><\/h1><\/div><\/div><\/div><div class=\"fusion-layout-column fusion_builder_column fusion-builder-column-8 fusion_builder_column_1_3 1_3 fusion-flex-column\" style=\"--awb-padding-top:10px;--awb-padding-right:10px;--awb-padding-bottom:10px;--awb-padding-left:10px;--awb-bg-size:cover;--awb-border-color:#e5e5e5;--awb-border-top:1px;--awb-border-right:1px;--awb-border-bottom:1px;--awb-border-left:1px;--awb-border-style:solid;--awb-width-large:33.333333333333%;--awb-margin-top-large:0px;--awb-spacing-right-large:5.76%;--awb-margin-bottom-large:20px;--awb-spacing-left-large:5.76%;--awb-width-medium:100%;--awb-spacing-right-medium:1.92%;--awb-spacing-left-medium:1.92%;--awb-width-small:100%;--awb-spacing-right-small:1.92%;--awb-spacing-left-small:1.92%;\"><div class=\"fusion-column-wrapper fusion-flex-justify-content-flex-start fusion-content-layout-column\"><div class=\"fusion-image-element \" style=\"--awb-caption-title-font-family:var(--h2_typography-font-family);--awb-caption-title-font-weight:var(--h2_typography-font-weight);--awb-caption-title-font-style:var(--h2_typography-font-style);--awb-caption-title-size:var(--h2_typography-font-size);--awb-caption-title-transform:var(--h2_typography-text-transform);--awb-caption-title-line-height:var(--h2_typography-line-height);--awb-caption-title-letter-spacing:var(--h2_typography-letter-spacing);\"><span class=\" fusion-imageframe imageframe-none imageframe-8 hover-type-zoomout\"><a class=\"fusion-no-lightbox\" href=\"https:\/\/kompakt-gmbh.de\/cs\/domaci\/rizeni-hmotnostniho-prutoku\/\" target=\"_self\" aria-label=\"massenstrom-840-600\"><img decoding=\"async\" width=\"840\" height=\"600\" alt=\"Massenstrommanagement\" src=\"https:\/\/kompakt-gmbh.de\/wp-content\/uploads\/2018\/01\/massenstrom-840-600.png\" data-orig-src=\"https:\/\/kompakt-gmbh.de\/wp-content\/uploads\/2018\/01\/massenstrom-840-600.png\" class=\"lazyload img-responsive wp-image-1746\" srcset=\"data:image\/svg+xml,%3Csvg%20xmlns%3D%27http%3A%2F%2Fwww.w3.org%2F2000%2Fsvg%27%20width%3D%27840%27%20height%3D%27600%27%20viewBox%3D%270%200%20840%20600%27%3E%3Crect%20width%3D%27840%27%20height%3D%27600%27%20fill-opacity%3D%220%22%2F%3E%3C%2Fsvg%3E\" data-srcset=\"https:\/\/kompakt-gmbh.de\/wp-content\/uploads\/2018\/01\/massenstrom-840-600-200x143.png 200w, https:\/\/kompakt-gmbh.de\/wp-content\/uploads\/2018\/01\/massenstrom-840-600-400x286.png 400w, https:\/\/kompakt-gmbh.de\/wp-content\/uploads\/2018\/01\/massenstrom-840-600-600x429.png 600w, https:\/\/kompakt-gmbh.de\/wp-content\/uploads\/2018\/01\/massenstrom-840-600-800x571.png 800w, https:\/\/kompakt-gmbh.de\/wp-content\/uploads\/2018\/01\/massenstrom-840-600.png 840w\" data-sizes=\"auto\" data-orig-sizes=\"(max-width: 1024px) 100vw, (max-width: 640px) 100vw, 400px\" \/><\/a><\/span><\/div><div class=\"fusion-separator fusion-full-width-sep\" style=\"align-self: center;margin-left: auto;margin-right: auto;margin-top:20px;width:100%;\"><\/div><div class=\"fusion-title title fusion-title-8 sep-underline sep-solid fusion-title-center fusion-title-text fusion-title-size-one\" style=\"--awb-sep-color:#000000;\"><h1 class=\"fusion-title-heading title-heading-center\" style=\"margin:0;\"><a href=\"https:\/\/kompakt-gmbh.de\/cs\/domaci\/rizeni-hmotnostniho-prutoku\/\">\u0158\u00edzen\u00ed hmotnostn\u00edho pr\u016ftoku<\/a><\/h1><\/div><\/div><\/div><div class=\"fusion-layout-column fusion_builder_column fusion-builder-column-9 fusion_builder_column_1_3 1_3 fusion-flex-column\" style=\"--awb-padding-top:10px;--awb-padding-right:10px;--awb-padding-bottom:10px;--awb-padding-left:10px;--awb-bg-size:cover;--awb-border-color:#e5e5e5;--awb-border-top:1px;--awb-border-right:1px;--awb-border-bottom:1px;--awb-border-left:1px;--awb-border-style:solid;--awb-width-large:33.333333333333%;--awb-margin-top-large:0px;--awb-spacing-right-large:5.76%;--awb-margin-bottom-large:20px;--awb-spacing-left-large:5.76%;--awb-width-medium:100%;--awb-spacing-right-medium:1.92%;--awb-spacing-left-medium:1.92%;--awb-width-small:100%;--awb-spacing-right-small:1.92%;--awb-spacing-left-small:1.92%;\"><div class=\"fusion-column-wrapper fusion-flex-justify-content-flex-start fusion-content-layout-column\"><div class=\"fusion-image-element \" style=\"--awb-caption-title-font-family:var(--h2_typography-font-family);--awb-caption-title-font-weight:var(--h2_typography-font-weight);--awb-caption-title-font-style:var(--h2_typography-font-style);--awb-caption-title-size:var(--h2_typography-font-size);--awb-caption-title-transform:var(--h2_typography-text-transform);--awb-caption-title-line-height:var(--h2_typography-line-height);--awb-caption-title-letter-spacing:var(--h2_typography-letter-spacing);\"><span class=\" fusion-imageframe imageframe-none imageframe-9 hover-type-zoomout\"><a class=\"fusion-no-lightbox\" href=\"https:\/\/kompakt-gmbh.de\/cs\/domaci\/destrukce-budov-recyklace-pudy\/\" target=\"_self\" aria-label=\"rueckbau-840-600\"><img decoding=\"async\" width=\"840\" height=\"600\" alt=\"R\u00fcckbau \/ Fl\u00e4chenrecycling\" src=\"https:\/\/kompakt-gmbh.de\/wp-content\/uploads\/2018\/01\/rueckbau-840-600.png\" data-orig-src=\"https:\/\/kompakt-gmbh.de\/wp-content\/uploads\/2018\/01\/rueckbau-840-600.png\" class=\"lazyload img-responsive wp-image-1747\" srcset=\"data:image\/svg+xml,%3Csvg%20xmlns%3D%27http%3A%2F%2Fwww.w3.org%2F2000%2Fsvg%27%20width%3D%27840%27%20height%3D%27600%27%20viewBox%3D%270%200%20840%20600%27%3E%3Crect%20width%3D%27840%27%20height%3D%27600%27%20fill-opacity%3D%220%22%2F%3E%3C%2Fsvg%3E\" data-srcset=\"https:\/\/kompakt-gmbh.de\/wp-content\/uploads\/2018\/01\/rueckbau-840-600-200x143.png 200w, https:\/\/kompakt-gmbh.de\/wp-content\/uploads\/2018\/01\/rueckbau-840-600-400x286.png 400w, https:\/\/kompakt-gmbh.de\/wp-content\/uploads\/2018\/01\/rueckbau-840-600-600x429.png 600w, https:\/\/kompakt-gmbh.de\/wp-content\/uploads\/2018\/01\/rueckbau-840-600-800x571.png 800w, https:\/\/kompakt-gmbh.de\/wp-content\/uploads\/2018\/01\/rueckbau-840-600.png 840w\" data-sizes=\"auto\" data-orig-sizes=\"(max-width: 1024px) 100vw, (max-width: 640px) 100vw, 400px\" \/><\/a><\/span><\/div><div class=\"fusion-separator fusion-full-width-sep\" style=\"align-self: center;margin-left: auto;margin-right: auto;margin-top:20px;width:100%;\"><\/div><div class=\"fusion-title title fusion-title-9 sep-underline sep-solid fusion-title-center fusion-title-text fusion-title-size-one\" style=\"--awb-sep-color:#000000;\"><h1 class=\"fusion-title-heading title-heading-center\" style=\"margin:0;\"><a href=\"https:\/\/kompakt-gmbh.de\/cs\/domaci\/destrukce-budov-recyklace-pudy\/\">Destrukce budov \/ recyklace p\u016fdy<\/a><\/h1><\/div><\/div><\/div><\/div><\/div><\/p>\n","protected":false},"excerpt":{"rendered":"","protected":false},"author":3,"featured_media":0,"parent":0,"menu_order":0,"comment_status":"closed","ping_status":"closed","template":"100-width.php","meta":{"footnotes":""},"class_list":["post-1414","page","type-page","status-publish","hentry"],"yoast_head":"<!-- This site is optimized with the Yoast SEO plugin v27.5 - https:\/\/yoast.com\/product\/yoast-seo-wordpress\/ -->\n<title>Slu\u017eebn\u00ed profil - Kom-pakt GmbH \u00d6tisheim | Karlsruhe<\/title>\n<meta name=\"description\" content=\"Kom-pakt GmbH - Beratung + Planung, Stammsitz: Allmendstra\u00dfe 6, 75443 \u00d6tisheim, Telefon: +49 7041 81 97-50, B\u00fcro Karlsruhe: Telefon: +49 721 831 44-44\" \/>\n<meta name=\"robots\" content=\"index, follow, max-snippet:-1, max-image-preview:large, max-video-preview:-1\" \/>\n<link rel=\"canonical\" href=\"https:\/\/kompakt-gmbh.de\/cs\/\" \/>\n<meta property=\"og:locale\" content=\"cs_CZ\" \/>\n<meta property=\"og:type\" content=\"article\" \/>\n<meta property=\"og:title\" content=\"Slu\u017eebn\u00ed profil - Kom-pakt GmbH \u00d6tisheim | Karlsruhe\" \/>\n<meta property=\"og:description\" content=\"Kom-pakt GmbH - Beratung + Planung, Stammsitz: Allmendstra\u00dfe 6, 75443 \u00d6tisheim, Telefon: +49 7041 81 97-50, B\u00fcro Karlsruhe: Telefon: +49 721 831 44-44\" \/>\n<meta property=\"og:url\" content=\"https:\/\/kompakt-gmbh.de\/cs\/\" \/>\n<meta property=\"og:site_name\" content=\"Kom-pakt GmbH \u00d6tisheim | Karlsruhe\" \/>\n<meta property=\"article:modified_time\" content=\"2021-11-22T14:30:49+00:00\" \/>\n<meta name=\"twitter:card\" content=\"summary_large_image\" \/>\n<meta name=\"twitter:label1\" content=\"Odhadovan\u00e1 doba \u010dten\u00ed\" \/>\n\t<meta name=\"twitter:data1\" content=\"6 minut\" \/>\n<script type=\"application\/ld+json\" class=\"yoast-schema-graph\">{\"@context\":\"https:\\\/\\\/schema.org\",\"@graph\":[{\"@type\":\"WebPage\",\"@id\":\"https:\\\/\\\/kompakt-gmbh.de\\\/cs\\\/\",\"url\":\"https:\\\/\\\/kompakt-gmbh.de\\\/cs\\\/\",\"name\":\"Slu\u017eebn\u00ed profil - Kom-pakt GmbH \u00d6tisheim | Karlsruhe\",\"isPartOf\":{\"@id\":\"https:\\\/\\\/kompakt-gmbh.de\\\/cs\\\/#website\"},\"datePublished\":\"2017-08-14T07:22:26+00:00\",\"dateModified\":\"2021-11-22T14:30:49+00:00\",\"description\":\"Kom-pakt GmbH - Beratung + Planung, Stammsitz: Allmendstra\u00dfe 6, 75443 \u00d6tisheim, Telefon: +49 7041 81 97-50, B\u00fcro Karlsruhe: Telefon: +49 721 831 44-44\",\"breadcrumb\":{\"@id\":\"https:\\\/\\\/kompakt-gmbh.de\\\/cs\\\/#breadcrumb\"},\"inLanguage\":\"cs\",\"potentialAction\":[{\"@type\":\"ReadAction\",\"target\":[\"https:\\\/\\\/kompakt-gmbh.de\\\/cs\\\/\"]}]},{\"@type\":\"BreadcrumbList\",\"@id\":\"https:\\\/\\\/kompakt-gmbh.de\\\/cs\\\/#breadcrumb\",\"itemListElement\":[{\"@type\":\"ListItem\",\"position\":1,\"name\":\"Startseite\",\"item\":\"https:\\\/\\\/kompakt-gmbh.de\\\/cs\\\/\"},{\"@type\":\"ListItem\",\"position\":2,\"name\":\"Slu\u017eebn\u00ed profil\"}]},{\"@type\":\"WebSite\",\"@id\":\"https:\\\/\\\/kompakt-gmbh.de\\\/cs\\\/#website\",\"url\":\"https:\\\/\\\/kompakt-gmbh.de\\\/cs\\\/\",\"name\":\"Kom-pakt GmbH \u00d6tisheim | Karlsruhe\",\"description\":\"Deponiebau | Abfallwirtschaft | Fl\u00e4chenrecycling\",\"potentialAction\":[{\"@type\":\"SearchAction\",\"target\":{\"@type\":\"EntryPoint\",\"urlTemplate\":\"https:\\\/\\\/kompakt-gmbh.de\\\/cs\\\/?s={search_term_string}\"},\"query-input\":{\"@type\":\"PropertyValueSpecification\",\"valueRequired\":true,\"valueName\":\"search_term_string\"}}],\"inLanguage\":\"cs\"}]}<\/script>\n<!-- \/ Yoast SEO plugin. -->","yoast_head_json":{"title":"Slu\u017eebn\u00ed profil - Kom-pakt GmbH \u00d6tisheim | Karlsruhe","description":"Kom-pakt GmbH - Beratung + Planung, Stammsitz: Allmendstra\u00dfe 6, 75443 \u00d6tisheim, Telefon: +49 7041 81 97-50, B\u00fcro Karlsruhe: Telefon: +49 721 831 44-44","robots":{"index":"index","follow":"follow","max-snippet":"max-snippet:-1","max-image-preview":"max-image-preview:large","max-video-preview":"max-video-preview:-1"},"canonical":"https:\/\/kompakt-gmbh.de\/cs\/","og_locale":"cs_CZ","og_type":"article","og_title":"Slu\u017eebn\u00ed profil - Kom-pakt GmbH \u00d6tisheim | Karlsruhe","og_description":"Kom-pakt GmbH - Beratung + Planung, Stammsitz: Allmendstra\u00dfe 6, 75443 \u00d6tisheim, Telefon: +49 7041 81 97-50, B\u00fcro Karlsruhe: Telefon: +49 721 831 44-44","og_url":"https:\/\/kompakt-gmbh.de\/cs\/","og_site_name":"Kom-pakt GmbH \u00d6tisheim | Karlsruhe","article_modified_time":"2021-11-22T14:30:49+00:00","twitter_card":"summary_large_image","twitter_misc":{"Odhadovan\u00e1 doba \u010dten\u00ed":"6 minut"},"schema":{"@context":"https:\/\/schema.org","@graph":[{"@type":"WebPage","@id":"https:\/\/kompakt-gmbh.de\/cs\/","url":"https:\/\/kompakt-gmbh.de\/cs\/","name":"Slu\u017eebn\u00ed profil - Kom-pakt GmbH \u00d6tisheim | Karlsruhe","isPartOf":{"@id":"https:\/\/kompakt-gmbh.de\/cs\/#website"},"datePublished":"2017-08-14T07:22:26+00:00","dateModified":"2021-11-22T14:30:49+00:00","description":"Kom-pakt GmbH - Beratung + Planung, Stammsitz: Allmendstra\u00dfe 6, 75443 \u00d6tisheim, Telefon: +49 7041 81 97-50, B\u00fcro Karlsruhe: Telefon: +49 721 831 44-44","breadcrumb":{"@id":"https:\/\/kompakt-gmbh.de\/cs\/#breadcrumb"},"inLanguage":"cs","potentialAction":[{"@type":"ReadAction","target":["https:\/\/kompakt-gmbh.de\/cs\/"]}]},{"@type":"BreadcrumbList","@id":"https:\/\/kompakt-gmbh.de\/cs\/#breadcrumb","itemListElement":[{"@type":"ListItem","position":1,"name":"Startseite","item":"https:\/\/kompakt-gmbh.de\/cs\/"},{"@type":"ListItem","position":2,"name":"Slu\u017eebn\u00ed profil"}]},{"@type":"WebSite","@id":"https:\/\/kompakt-gmbh.de\/cs\/#website","url":"https:\/\/kompakt-gmbh.de\/cs\/","name":"Kom-pakt GmbH \u00d6tisheim | Karlsruhe","description":"Deponiebau | Abfallwirtschaft | Fl\u00e4chenrecycling","potentialAction":[{"@type":"SearchAction","target":{"@type":"EntryPoint","urlTemplate":"https:\/\/kompakt-gmbh.de\/cs\/?s={search_term_string}"},"query-input":{"@type":"PropertyValueSpecification","valueRequired":true,"valueName":"search_term_string"}}],"inLanguage":"cs"}]}},"_links":{"self":[{"href":"https:\/\/kompakt-gmbh.de\/cs\/wp-json\/wp\/v2\/pages\/1414","targetHints":{"allow":["GET"]}}],"collection":[{"href":"https:\/\/kompakt-gmbh.de\/cs\/wp-json\/wp\/v2\/pages"}],"about":[{"href":"https:\/\/kompakt-gmbh.de\/cs\/wp-json\/wp\/v2\/types\/page"}],"author":[{"embeddable":true,"href":"https:\/\/kompakt-gmbh.de\/cs\/wp-json\/wp\/v2\/users\/3"}],"replies":[{"embeddable":true,"href":"https:\/\/kompakt-gmbh.de\/cs\/wp-json\/wp\/v2\/comments?post=1414"}],"version-history":[{"count":4,"href":"https:\/\/kompakt-gmbh.de\/cs\/wp-json\/wp\/v2\/pages\/1414\/revisions"}],"predecessor-version":[{"id":2893,"href":"https:\/\/kompakt-gmbh.de\/cs\/wp-json\/wp\/v2\/pages\/1414\/revisions\/2893"}],"wp:attachment":[{"href":"https:\/\/kompakt-gmbh.de\/cs\/wp-json\/wp\/v2\/media?parent=1414"}],"curies":[{"name":"wp","href":"https:\/\/api.w.org\/{rel}","templated":true}]}}